{"id":9660,"date":"2025-09-03T15:23:02","date_gmt":"2025-09-03T12:23:02","guid":{"rendered":"https:\/\/hu.f-chain.com\/migration-services-in-hungary\/"},"modified":"2025-09-04T02:29:25","modified_gmt":"2025-09-03T23:29:25","slug":"migration-services-hungary","status":"publish","type":"page","link":"https:\/\/hu.f-chain.com\/hu\/migration-services-hungary\/","title":{"rendered":"Migr\u00e1ci\u00f3s szolg\u00e1ltat\u00e1sok"},"content":{"rendered":"<div class=\"wpb-content-wrapper\"><p>[vc_row css_animation=&#8221;fadeInUp&#8221;][vc_column][vc_column_text css_animation=&#8221;fadeInDown&#8221;]<\/p>\n<h1>Migr\u00e1ci\u00f3s szolg\u00e1ltat\u00e1sok Budapesten<\/h1>\n<p><b>FCHAIN<\/b> professzion\u00e1lis <b>migr\u00e1ci\u00f3s szolg\u00e1ltat\u00e1sokat Budapesten<\/b> k\u00edn\u00e1l mag\u00e1nszem\u00e9lyeknek, csal\u00e1doknak \u00e9s v\u00e1llalkoz\u00e1soknak, akik Magyarorsz\u00e1gon szeretn\u00e9nek letelepedni, dolgozni vagy v\u00e1llalkoz\u00e1st alap\u00edtani. A nemzetk\u00f6zi k\u00f6lt\u00f6z\u00e9s sz\u00e1mos jogi \u00e9s adminisztrat\u00edv k\u00f6vetelm\u00e9nnyel j\u00e1r, amelyek bonyolultak \u00e9s id\u0151ig\u00e9nyesek lehetnek. Tapasztalt szak\u00e9rt\u0151ink biztos\u00edtj\u00e1k, hogy minden l\u00e9p\u00e9s jogszer\u0171en \u00e9s g\u00f6rd\u00fcl\u00e9kenyen t\u00f6rt\u00e9njen, mik\u00f6zben az \u00fcgyfelek elker\u00fclik a felesleges kock\u00e1zatokat.<\/p>\n<p>[\/vc_column_text][\/vc_column][\/vc_row][vc_row content_placement=&#8221;middle&#8221; css_animation=&#8221;fadeInUp&#8221;][vc_column width=&#8221;1\/2&#8243;][vc_column_text css_animation=&#8221;fadeInLeft&#8221;]<\/p>\n<h2>\u00c1tfog\u00f3 t\u00e1mogat\u00e1s migr\u00e1ci\u00f3s elj\u00e1r\u00e1sokhoz<\/h2>\n<p>\u00dcgyfeleink k\u00f6z\u00f6tt vannak di\u00e1kok, k\u00fclf\u00f6ldi munkav\u00e1llal\u00f3k, befektet\u0151k, v\u00e1llalkoz\u00f3k \u00e9s csal\u00e1dtagok. Minden eset egyedi, ez\u00e9rt szolg\u00e1ltat\u00e1sainkat az adott c\u00e9lokhoz igaz\u00edtjuk. Seg\u00edt\u00fcnk a megfelel\u0151 v\u00edzum kiv\u00e1laszt\u00e1s\u00e1ban, a <b>tart\u00f3zkod\u00e1si enged\u00e9ly Magyarorsz\u00e1gon<\/b> megszerz\u00e9s\u00e9ben, valamint a hossz\u00fa t\u00e1v\u00fa tervekhez kapcsol\u00f3d\u00f3 <b>\u00e1llampolg\u00e1rs\u00e1g Magyarorsz\u00e1gon<\/b> ig\u00e9nyl\u00e9s\u00e9ben.<\/p>\n<h2>Szolg\u00e1ltat\u00e1saink tartalma<\/h2>\n<ul class=\"ul-gray\">\n<li><b>Tan\u00e1csad\u00e1s \u00e9s programv\u00e1laszt\u00e1s.<\/b> Seg\u00edt\u00fcnk megtal\u00e1lni a legjobb lehet\u0151s\u00e9get szem\u00e9lyes vagy \u00fczleti c\u00e9ljaidhoz.<\/li>\n<li><b>Dokumentumok el\u0151k\u00e9sz\u00edt\u00e9se.<\/b> Ford\u00edt\u00e1s, hiteles\u00edt\u00e9s \u00e9s teljes dokument\u00e1ci\u00f3 \u00f6ssze\u00e1ll\u00edt\u00e1sa.<\/li>\n<li><b>V\u00edzumok \u00e9s munkav\u00e1llal\u00e1si enged\u00e9lyek.<\/b> T\u00e1mogatjuk a k\u00e9relmek beny\u00fajt\u00e1s\u00e1t, figyelj\u00fck a hat\u00e1rid\u0151ket \u00e9s kommunik\u00e1lunk a hat\u00f3s\u00e1gokkal.<\/li>\n<li><b>Tart\u00f3zkod\u00e1si enged\u00e9ly \u00e9s \u00e1llampolg\u00e1rs\u00e1g.<\/b> Seg\u00edt\u00fcnk ideiglenes vagy \u00e1lland\u00f3 tart\u00f3zkod\u00e1si enged\u00e9ly megszerz\u00e9s\u00e9ben \u00e9s a k\u00e9s\u0151bbi \u00e1llampolg\u00e1rs\u00e1gi folyamatban.<\/li>\n<li><b>St\u00e1tusz m\u00f3dos\u00edt\u00e1s \u00e9s hosszabb\u00edt\u00e1s.<\/b> V\u00e1ltoz\u00e1s eset\u00e9n t\u00e1mogatjuk a v\u00edzum meghosszabb\u00edt\u00e1s\u00e1t vagy t\u00edpusv\u00e1lt\u00e1s\u00e1t.<\/li>\n<li><b>Jogi k\u00e9pviselet.<\/b> K\u00e9pviselj\u00fck \u00fcgyfeleinket a bev\u00e1ndorl\u00e1si hat\u00f3s\u00e1gok el\u0151tt, biztos\u00edtva jogaik v\u00e9delm\u00e9t.<\/li>\n<\/ul>\n<p>[\/vc_column_text][\/vc_column][vc_column width=&#8221;1\/2&#8243;][vc_single_image image=&#8221;1018&#8243; img_size=&#8221;full&#8221;][\/vc_column][\/vc_row][vc_row content_placement=&#8221;middle&#8221; css_animation=&#8221;fadeInUp&#8221;][vc_column width=&#8221;1\/2&#8243;][vc_single_image image=&#8221;915&#8243; img_size=&#8221;full&#8221;][\/vc_column][vc_column width=&#8221;1\/2&#8243;][vc_column_text css_animation=&#8221;fadeInRight&#8221;]<\/p>\n<h2>V\u00e1llalati t\u00e1mogat\u00e1s<\/h2>\n<p>Budapest \u00e9s Magyarorsz\u00e1g sz\u00e1mos nemzetk\u00f6zi c\u00e9g k\u00f6zpontja, ahol sz\u00fcks\u00e9g van k\u00fclf\u00f6ldi szakemberekre. FCHAIN seg\u00edti a munk\u00e1ltat\u00f3kat a k\u00fclf\u00f6ldi munkav\u00e1llal\u00f3k leg\u00e1lis foglalkoztat\u00e1s\u00e1ban \u00e9s relok\u00e1ci\u00f3j\u00e1ban. Kezelj\u00fck a munkav\u00e1llal\u00e1si enged\u00e9lyek, EU Blue Card \u00e9s egy\u00e9b dokumentumok \u00fcgyint\u00e9z\u00e9s\u00e9t.<\/p>\n<h2>Mi\u00e9rt v\u00e1lassza az FCHAIN-t<\/h2>\n<ul class=\"ul-gray\">\n<li>Szem\u00e9lyre szabott megold\u00e1sok minden \u00fcgyf\u00e9l sz\u00e1m\u00e1ra;<\/li>\n<li>Magyar migr\u00e1ci\u00f3s jogszab\u00e1lyok alapos ismerete;<\/li>\n<li>Gyors \u00e9s megb\u00edzhat\u00f3 \u00fcgyint\u00e9z\u00e9s;<\/li>\n<li>Teljes k\u00f6r\u0171 t\u00e1mogat\u00e1s a konzult\u00e1ci\u00f3t\u00f3l a dokumentumok \u00e1tv\u00e9tel\u00e9ig;<\/li>\n<li>Szolg\u00e1ltat\u00e1s magyar, angol \u00e9s orosz nyelven.<\/li>\n<\/ul>\n<p>[\/vc_column_text][\/vc_column][\/vc_row][vc_row css_animation=&#8221;fadeInUp&#8221;][vc_column][vc_column_text css_animation=&#8221;fadeInUp&#8221;]<\/p>\n<h2>Rendelje meg migr\u00e1ci\u00f3s szolg\u00e1ltat\u00e1sainkat m\u00e9g ma<\/h2>\n<p><b>FCHAIN<\/b> a megb\u00edzhat\u00f3 partner, aki seg\u00edt leegyszer\u0171s\u00edteni a k\u00f6lt\u00f6z\u00e9st, cs\u00f6kkenteni a kock\u00e1zatokat, \u00e9s biztos\u00edtani a jogi alapot Magyarorsz\u00e1gon val\u00f3 \u00e9lethez \u00e9s munk\u00e1hoz. Vegye fel vel\u00fcnk a kapcsolatot, hogy szem\u00e9lyre szabott tan\u00e1csot kapjon szak\u00e9rt\u0151inkt\u0151l.<\/p>\n<p>[\/vc_column_text][\/vc_column][\/vc_row]<\/p>\n<\/div>","protected":false},"excerpt":{"rendered":"<p>[vc_row css_animation=&#8221;fadeInUp&#8221;][vc_column][vc_column_text css_animation=&#8221;fadeInDown&#8221;] Migr\u00e1ci\u00f3s szolg\u00e1ltat\u00e1sok Budapesten FCHAIN professzion\u00e1lis migr\u00e1ci\u00f3s szolg\u00e1ltat\u00e1sokat Budapesten k\u00edn\u00e1l mag\u00e1nszem\u00e9lyeknek, csal\u00e1doknak \u00e9s v\u00e1llalkoz\u00e1soknak, akik Magyarorsz\u00e1gon szeretn\u00e9nek letelepedni, dolgozni vagy v\u00e1llalkoz\u00e1st alap\u00edtani. A nemzetk\u00f6zi k\u00f6lt\u00f6z\u00e9s sz\u00e1mos jogi \u00e9s adminisztrat\u00edv k\u00f6vetelm\u00e9nnyel j\u00e1r, amelyek bonyolultak \u00e9s id\u0151ig\u00e9nyesek lehetnek. Tapasztalt szak\u00e9rt\u0151ink biztos\u00edtj\u00e1k, hogy minden l\u00e9p\u00e9s jogszer\u0171en \u00e9s g\u00f6rd\u00fcl\u00e9kenyen t\u00f6rt\u00e9njen, mik\u00f6zben az \u00fcgyfelek elker\u00fclik a felesleges kock\u00e1zatokat.<\/p>\n","protected":false},"author":2,"featured_media":0,"parent":0,"menu_order":0,"comment_status":"closed","ping_status":"closed","template":"","meta":{"_acf_changed":false,"footnotes":""},"class_list":["post-9660","page","type-page","status-publish","hentry"],"acf":[],"yoast_head":"<!-- This site is optimized with the Yoast SEO plugin v27.3 - https:\/\/yoast.com\/product\/yoast-seo-wordpress\/ -->\n<title>Migr\u00e1ci\u00f3s szolg\u00e1ltat\u00e1sok Budapesten \u2013 FCHAIN<\/title>\n<meta name=\"description\" content=\"FCHAIN migr\u00e1ci\u00f3s szolg\u00e1ltat\u00e1sokat k\u00edn\u00e1l Budapesten \u00e9s eg\u00e9sz Magyarorsz\u00e1gon. V\u00edzumok, munkav\u00e1llal\u00e1si enged\u00e9ly, tart\u00f3zkod\u00e1si enged\u00e9ly Magyarorsz\u00e1gon \u00e9s \u00e1llampolg\u00e1rs\u00e1g Magyarorsz\u00e1gon teljes jogi t\u00e1mogat\u00e1ssal.\" \/>\n<meta name=\"robots\" content=\"index, follow, max-snippet:-1, max-image-preview:large, max-video-preview:-1\" \/>\n<link rel=\"canonical\" href=\"https:\/\/hu.f-chain.com\/hu\/migration-services-hungary\/\" \/>\n<meta property=\"og:locale\" content=\"hu_HU\" \/>\n<meta property=\"og:type\" content=\"article\" \/>\n<meta property=\"og:title\" content=\"Migr\u00e1ci\u00f3s szolg\u00e1ltat\u00e1sok Budapesten \u2013 FCHAIN\" \/>\n<meta property=\"og:description\" content=\"FCHAIN migr\u00e1ci\u00f3s szolg\u00e1ltat\u00e1sokat k\u00edn\u00e1l Budapesten \u00e9s eg\u00e9sz Magyarorsz\u00e1gon. V\u00edzumok, munkav\u00e1llal\u00e1si enged\u00e9ly, tart\u00f3zkod\u00e1si enged\u00e9ly Magyarorsz\u00e1gon \u00e9s \u00e1llampolg\u00e1rs\u00e1g Magyarorsz\u00e1gon teljes jogi t\u00e1mogat\u00e1ssal.\" \/>\n<meta property=\"og:url\" content=\"https:\/\/hu.f-chain.com\/hu\/migration-services-hungary\/\" \/>\n<meta property=\"og:site_name\" content=\"Fchain\" \/>\n<meta property=\"article:modified_time\" content=\"2025-09-03T23:29:25+00:00\" \/>\n<meta name=\"twitter:card\" content=\"summary_large_image\" \/>\n<meta name=\"twitter:label1\" content=\"Becs\u00fclt olvas\u00e1si id\u0151\" \/>\n\t<meta name=\"twitter:data1\" content=\"2 perc\" \/>\n<script type=\"application\/ld+json\" class=\"yoast-schema-graph\">{\"@context\":\"https:\\\/\\\/schema.org\",\"@graph\":[{\"@type\":\"WebPage\",\"@id\":\"https:\\\/\\\/hu.f-chain.com\\\/hu\\\/migration-services-hungary\\\/\",\"url\":\"https:\\\/\\\/hu.f-chain.com\\\/hu\\\/migration-services-hungary\\\/\",\"name\":\"Migr\u00e1ci\u00f3s szolg\u00e1ltat\u00e1sok Budapesten \u2013 FCHAIN\",\"isPartOf\":{\"@id\":\"https:\\\/\\\/hu.f-chain.com\\\/#website\"},\"datePublished\":\"2025-09-03T12:23:02+00:00\",\"dateModified\":\"2025-09-03T23:29:25+00:00\",\"description\":\"FCHAIN migr\u00e1ci\u00f3s szolg\u00e1ltat\u00e1sokat k\u00edn\u00e1l Budapesten \u00e9s eg\u00e9sz Magyarorsz\u00e1gon. V\u00edzumok, munkav\u00e1llal\u00e1si enged\u00e9ly, tart\u00f3zkod\u00e1si enged\u00e9ly Magyarorsz\u00e1gon \u00e9s \u00e1llampolg\u00e1rs\u00e1g Magyarorsz\u00e1gon teljes jogi t\u00e1mogat\u00e1ssal.\",\"breadcrumb\":{\"@id\":\"https:\\\/\\\/hu.f-chain.com\\\/hu\\\/migration-services-hungary\\\/#breadcrumb\"},\"inLanguage\":\"hu\",\"potentialAction\":[{\"@type\":\"ReadAction\",\"target\":[\"https:\\\/\\\/hu.f-chain.com\\\/hu\\\/migration-services-hungary\\\/\"]}]},{\"@type\":\"BreadcrumbList\",\"@id\":\"https:\\\/\\\/hu.f-chain.com\\\/hu\\\/migration-services-hungary\\\/#breadcrumb\",\"itemListElement\":[{\"@type\":\"ListItem\",\"position\":1,\"name\":\"Home\",\"item\":\"https:\\\/\\\/hu.f-chain.com\\\/hu\\\/\"},{\"@type\":\"ListItem\",\"position\":2,\"name\":\"Migr\u00e1ci\u00f3s szolg\u00e1ltat\u00e1sok\"}]},{\"@type\":\"WebSite\",\"@id\":\"https:\\\/\\\/hu.f-chain.com\\\/#website\",\"url\":\"https:\\\/\\\/hu.f-chain.com\\\/\",\"name\":\"Fchain\",\"description\":\"\",\"potentialAction\":[{\"@type\":\"SearchAction\",\"target\":{\"@type\":\"EntryPoint\",\"urlTemplate\":\"https:\\\/\\\/hu.f-chain.com\\\/?s={search_term_string}\"},\"query-input\":{\"@type\":\"PropertyValueSpecification\",\"valueRequired\":true,\"valueName\":\"search_term_string\"}}],\"inLanguage\":\"hu\"}]}<\/script>\n<!-- \/ Yoast SEO plugin. -->","yoast_head_json":{"title":"Migr\u00e1ci\u00f3s szolg\u00e1ltat\u00e1sok Budapesten \u2013 FCHAIN","description":"FCHAIN migr\u00e1ci\u00f3s szolg\u00e1ltat\u00e1sokat k\u00edn\u00e1l Budapesten \u00e9s eg\u00e9sz Magyarorsz\u00e1gon. V\u00edzumok, munkav\u00e1llal\u00e1si enged\u00e9ly, tart\u00f3zkod\u00e1si enged\u00e9ly Magyarorsz\u00e1gon \u00e9s \u00e1llampolg\u00e1rs\u00e1g Magyarorsz\u00e1gon teljes jogi t\u00e1mogat\u00e1ssal.","robots":{"index":"index","follow":"follow","max-snippet":"max-snippet:-1","max-image-preview":"max-image-preview:large","max-video-preview":"max-video-preview:-1"},"canonical":"https:\/\/hu.f-chain.com\/hu\/migration-services-hungary\/","og_locale":"hu_HU","og_type":"article","og_title":"Migr\u00e1ci\u00f3s szolg\u00e1ltat\u00e1sok Budapesten \u2013 FCHAIN","og_description":"FCHAIN migr\u00e1ci\u00f3s szolg\u00e1ltat\u00e1sokat k\u00edn\u00e1l Budapesten \u00e9s eg\u00e9sz Magyarorsz\u00e1gon. V\u00edzumok, munkav\u00e1llal\u00e1si enged\u00e9ly, tart\u00f3zkod\u00e1si enged\u00e9ly Magyarorsz\u00e1gon \u00e9s \u00e1llampolg\u00e1rs\u00e1g Magyarorsz\u00e1gon teljes jogi t\u00e1mogat\u00e1ssal.","og_url":"https:\/\/hu.f-chain.com\/hu\/migration-services-hungary\/","og_site_name":"Fchain","article_modified_time":"2025-09-03T23:29:25+00:00","twitter_card":"summary_large_image","twitter_misc":{"Becs\u00fclt olvas\u00e1si id\u0151":"2 perc"},"schema":{"@context":"https:\/\/schema.org","@graph":[{"@type":"WebPage","@id":"https:\/\/hu.f-chain.com\/hu\/migration-services-hungary\/","url":"https:\/\/hu.f-chain.com\/hu\/migration-services-hungary\/","name":"Migr\u00e1ci\u00f3s szolg\u00e1ltat\u00e1sok Budapesten \u2013 FCHAIN","isPartOf":{"@id":"https:\/\/hu.f-chain.com\/#website"},"datePublished":"2025-09-03T12:23:02+00:00","dateModified":"2025-09-03T23:29:25+00:00","description":"FCHAIN migr\u00e1ci\u00f3s szolg\u00e1ltat\u00e1sokat k\u00edn\u00e1l Budapesten \u00e9s eg\u00e9sz Magyarorsz\u00e1gon. V\u00edzumok, munkav\u00e1llal\u00e1si enged\u00e9ly, tart\u00f3zkod\u00e1si enged\u00e9ly Magyarorsz\u00e1gon \u00e9s \u00e1llampolg\u00e1rs\u00e1g Magyarorsz\u00e1gon teljes jogi t\u00e1mogat\u00e1ssal.","breadcrumb":{"@id":"https:\/\/hu.f-chain.com\/hu\/migration-services-hungary\/#breadcrumb"},"inLanguage":"hu","potentialAction":[{"@type":"ReadAction","target":["https:\/\/hu.f-chain.com\/hu\/migration-services-hungary\/"]}]},{"@type":"BreadcrumbList","@id":"https:\/\/hu.f-chain.com\/hu\/migration-services-hungary\/#breadcrumb","itemListElement":[{"@type":"ListItem","position":1,"name":"Home","item":"https:\/\/hu.f-chain.com\/hu\/"},{"@type":"ListItem","position":2,"name":"Migr\u00e1ci\u00f3s szolg\u00e1ltat\u00e1sok"}]},{"@type":"WebSite","@id":"https:\/\/hu.f-chain.com\/#website","url":"https:\/\/hu.f-chain.com\/","name":"Fchain","description":"","potentialAction":[{"@type":"SearchAction","target":{"@type":"EntryPoint","urlTemplate":"https:\/\/hu.f-chain.com\/?s={search_term_string}"},"query-input":{"@type":"PropertyValueSpecification","valueRequired":true,"valueName":"search_term_string"}}],"inLanguage":"hu"}]}},"_links":{"self":[{"href":"https:\/\/hu.f-chain.com\/hu\/wp-json\/wp\/v2\/pages\/9660","targetHints":{"allow":["GET"]}}],"collection":[{"href":"https:\/\/hu.f-chain.com\/hu\/wp-json\/wp\/v2\/pages"}],"about":[{"href":"https:\/\/hu.f-chain.com\/hu\/wp-json\/wp\/v2\/types\/page"}],"author":[{"embeddable":true,"href":"https:\/\/hu.f-chain.com\/hu\/wp-json\/wp\/v2\/users\/2"}],"replies":[{"embeddable":true,"href":"https:\/\/hu.f-chain.com\/hu\/wp-json\/wp\/v2\/comments?post=9660"}],"version-history":[{"count":2,"href":"https:\/\/hu.f-chain.com\/hu\/wp-json\/wp\/v2\/pages\/9660\/revisions"}],"predecessor-version":[{"id":9662,"href":"https:\/\/hu.f-chain.com\/hu\/wp-json\/wp\/v2\/pages\/9660\/revisions\/9662"}],"wp:attachment":[{"href":"https:\/\/hu.f-chain.com\/hu\/wp-json\/wp\/v2\/media?parent=9660"}],"curies":[{"name":"wp","href":"https:\/\/api.w.org\/{rel}","templated":true}]}}