{"id":9455,"date":"2025-05-26T05:12:15","date_gmt":"2025-05-26T02:12:15","guid":{"rendered":"https:\/\/hu.f-chain.com\/?page_id=9455"},"modified":"2025-05-26T05:12:15","modified_gmt":"2025-05-26T02:12:15","slug":"szabadalmi-es-vedjegybejegyzesi-szolgaltatasok","status":"publish","type":"page","link":"https:\/\/hu.f-chain.com\/hu\/szabadalmi-es-vedjegybejegyzesi-szolgaltatasok\/","title":{"rendered":"Szabadalmi \u00e9s v\u00e9djegybejegyz\u00e9si szolg\u00e1ltat\u00e1sok"},"content":{"rendered":"<div class=\"wpb-content-wrapper\"><p>[vc_row css_animation=&#8221;fadeInUp&#8221;][vc_column][vc_column_text css_animation=&#8221;fadeInDown&#8221;]<\/p>\n<h2>Szabadalmi \u00e9s v\u00e9djegybejegyz\u00e9si szolg\u00e1ltat\u00e1sok<\/h2>\n<p><span style=\"font-weight: 400;\">A m\u00e1rka- \u00e9s tal\u00e1lm\u00e1nyv\u00e9delem fontos feladat a magyarorsz\u00e1gi \u00e9s k\u00fclf\u00f6ldi v\u00e1llalkoz\u00e1sok sz\u00e1m\u00e1ra. <\/span><b>Szabadalmi \u00e9s v\u00e9djegyszolg\u00e1ltat\u00e1si<\/b><span style=\"font-weight: 400;\"> szolg\u00e1ltat\u00e1saink seg\u00edtenek \u00d6nnek abban, hogy minim\u00e1lis r\u00e1ford\u00edt\u00e1ssal biztos\u00edtsa szellemi tulajdon\u00e1t. A <\/span><b>v\u00e9djegybejegyz\u00e9s<\/b><span style=\"font-weight: 400;\"> minden szakasz\u00e1ban professzion\u00e1lis t\u00e1mogat\u00e1st ny\u00fajtunk, hogy biztos\u00edtsuk v\u00e9djegye vagy szabadalma oltalm\u00e1t.<\/span>[\/vc_column_text][\/vc_column][\/vc_row][vc_row content_placement=&#8221;middle&#8221; css_animation=&#8221;fadeInUp&#8221;][vc_column width=&#8221;1\/2&#8243;][vc_column_text css_animation=&#8221;slideInLeft&#8221;]<\/p>\n<h2>V\u00e9djegy- \u00e9s szabadalmi bejegyz\u00e9si szolg\u00e1ltat\u00e1sok Magyarorsz\u00e1gon<\/h2>\n<p><span style=\"font-weight: 400;\">A <\/span><b>v\u00e9djegybejegyz\u00e9si<\/b><span style=\"font-weight: 400;\"> folyamat gondos el\u0151k\u00e9sz\u00edt\u00e9ssel kezd\u0151dik. Szak\u00e9rt\u0151ink leegyszer\u0171s\u00edtik a <\/span><b>v\u00e9djegybejelent\u00e9si folyamatot<\/b><span style=\"font-weight: 400;\">, hogy \u00d6n a v\u00e1llalkoz\u00e1s\u00e1nak n\u00f6veked\u00e9s\u00e9re \u00f6sszpontos\u00edthasson. \u00c1tfog\u00f3 szolg\u00e1ltat\u00e1sokat ny\u00fajtunk azon v\u00e1llalkoz\u00f3k sz\u00e1m\u00e1ra, akik Magyarorsz\u00e1gon \u00e9s nemzetk\u00f6zi szinten is v\u00e9deni k\u00edv\u00e1nj\u00e1k \u00f6tleteiket.<\/span><\/p>\n<h3>Hogyan kell v\u00e9djegyet bejegyeztetni Magyarorsz\u00e1gon<\/h3>\n<p><span style=\"font-weight: 400;\">A helyi oltalom \u00e9rdek\u00e9ben piacspecifikus <\/span><b>v\u00e9djegybejegyz\u00e9s Magyarorsz\u00e1gon<\/b><span style=\"font-weight: 400;\">. Ez mag\u00e1ban foglalja a v\u00e9djegy egyedis\u00e9g\u00e9nek ellen\u0151rz\u00e9s\u00e9t \u00e9s a bejelent\u00e9s beny\u00fajt\u00e1s\u00e1t az illet\u00e9kes hat\u00f3s\u00e1gokhoz. Szak\u00e9rt\u0151ink seg\u00edtenek \u00d6nnek elker\u00fclni a hib\u00e1kat \u00e9s id\u0151t takar\u00edtanak meg.<\/span>[\/vc_column_text][\/vc_column][vc_column width=&#8221;1\/2&#8243;][vc_single_image image=&#8221;5386&#8243; img_size=&#8221;full&#8221; css_animation=&#8221;slideInRight&#8221;][\/vc_column][\/vc_row][vc_row content_placement=&#8221;middle&#8221; css_animation=&#8221;fadeInUp&#8221;][vc_column width=&#8221;1\/2&#8243;][vc_single_image image=&#8221;5388&#8243; img_size=&#8221;full&#8221; css_animation=&#8221;slideInLeft&#8221;][\/vc_column][vc_column width=&#8221;1\/2&#8243;][vc_column_text css_animation=&#8221;fadeInRight&#8221;]<\/p>\n<h2>Szabadalmi bejelent\u00e9s \u00e9s szellemi tulajdonv\u00e9delem<\/h2>\n<p><span style=\"font-weight: 400;\">A megb\u00edzhat\u00f3 v\u00e9delem megk\u00f6veteli a r\u00e9szletekre val\u00f3 odafigyel\u00e9st. Mi <\/span><b>szabadalmi bejegyz\u00e9st<\/b><span style=\"font-weight: 400;\"> k\u00edn\u00e1lunk, hogy tal\u00e1lm\u00e1nyai jogi v\u00e9delmet \u00e9lvezzenek. A <\/span><b>szabadalmi \u00e9s v\u00e9djegyszolg\u00e1ltat\u00e1sok<\/b><span style=\"font-weight: 400;\"> \u00e1tfog\u00f3 megk\u00f6zel\u00edt\u00e9st ny\u00fajtanak a vagyonv\u00e9delemhez. Garant\u00e1ljuk tov\u00e1bb\u00e1 <\/span><b>szellemi tulajdonv\u00e9delem Magyarorsz\u00e1gon<\/b><span style=\"font-weight: 400;\"> minden m\u00e9ret\u0171 v\u00e1llalkoz\u00e1s sz\u00e1m\u00e1ra.<\/span><\/p>\n<h3>Szabadalmi bejelent\u00e9s \u00e9s jogi k\u00f6vetelm\u00e9nyek<\/h3>\n<p><span style=\"font-weight: 400;\">A min\u0151s\u00e9g <\/span><b>v\u00e9djegybejegyz\u00e9s<\/b><span style=\"font-weight: 400;\"> n\u00f6veli a m\u00e1rka \u00e9rt\u00e9k\u00e9t. Tan\u00e1csot adunk \u00fcgyfeleinknek a bejelent\u00e9s minden aspektus\u00e1val kapcsolatban, bele\u00e9rtve a nemzetk\u00f6zi rendszereket is. Ez seg\u00edt elker\u00fclni a felesleges k\u00f6lts\u00e9geket \u00e9s er\u0151s\u00edti a v\u00e1llalat piaci poz\u00edci\u00f3j\u00e1t.<\/span>[\/vc_column_text][\/vc_column][\/vc_row][vc_row content_placement=&#8221;middle&#8221; css_animation=&#8221;fadeInUp&#8221;][vc_column width=&#8221;1\/2&#8243;][vc_column_text css_animation=&#8221;fadeInLeft&#8221;]<\/p>\n<h2>Jogi seg\u00edts\u00e9gny\u00fajt\u00e1s v\u00e9djegy- \u00e9s szabadalmi bejelent\u00e9sekhez<\/h2>\n<p><span style=\"font-weight: 400;\">Csapatunk az \u00fat minden szakasz\u00e1ban professzion\u00e1lis seg\u00edts\u00e9get ny\u00fajt. A sikeres <\/span><b>v\u00e9djegybejegyz\u00e9s<\/b><span style=\"font-weight: 400;\"> a dokumentumok \u00e9s a strat\u00e9gia megfelel\u0151 el\u0151k\u00e9sz\u00edt\u00e9s\u00e9n m\u00falik. Az \u00f6tlett\u0151l a jogok megszerz\u00e9s\u00e9ig k\u00eds\u00e9rj\u00fck \u00fcgyfeleinket, megb\u00edzhat\u00f3 megold\u00e1sokat k\u00edn\u00e1lva.<\/span><\/p>\n<h3>V\u00e9djegy- \u00e9s szabadalmi v\u00e9delem v\u00e1llalkoz\u00e1soknak az FCHAIN-nal<\/h3>\n<p><span style=\"font-weight: 400;\">Mi\u00e9rt v\u00e1lasszon minket. \u00cdme a legfontosabb el\u0151ny\u00f6k:<\/span><\/p>\n<ul>\n<li style=\"font-weight: 400;\" aria-level=\"1\"><span style=\"font-weight: 400;\">teljes k\u00f6r\u0171 t\u00e1mogat\u00e1s a regisztr\u00e1ci\u00f3 minden szakasz\u00e1ban;<\/span><\/li>\n<li style=\"font-weight: 400;\" aria-level=\"1\"><span style=\"font-weight: 400;\">garancia a magyar \u00e9s az uni\u00f3s k\u00f6vetelm\u00e9nyeknek val\u00f3 megfelel\u00e9sre;<\/span><\/li>\n<li style=\"font-weight: 400;\" aria-level=\"1\"><span style=\"font-weight: 400;\">v\u00e9delem a folyamat sor\u00e1n felmer\u00fcl\u0151 kock\u00e1zatokkal \u00e9s hib\u00e1kkal szemben.<\/span><\/li>\n<\/ul>\n<p><span style=\"font-weight: 400;\">Ha az <\/span><b>FCHAIN<\/b><span style=\"font-weight: 400;\"> szak\u00e9rt\u0151ihez fordul egy szolg\u00e1ltat\u00e1s\u00e9rt <\/span><b>v\u00e9djegybejegyz\u00e9s<\/b><span style=\"font-weight: 400;\">, egyediv\u00e9 \u00e9s v\u00e9dett\u00e9 teszi m\u00e1rk\u00e1j\u00e1t. B\u00fcszk\u00e9k vagyunk a magas szint\u0171 \u00fcgyf\u00e9lbizalomra.<\/span>[\/vc_column_text][\/vc_column][vc_column width=&#8221;1\/2&#8243;][vc_single_image image=&#8221;5390&#8243; img_size=&#8221;full&#8221; css_animation=&#8221;slideInRight&#8221;][\/vc_column][\/vc_row]<\/p>\n<\/div>","protected":false},"excerpt":{"rendered":"<p>[vc_row css_animation=&#8221;fadeInUp&#8221;][vc_column][vc_column_text css_animation=&#8221;fadeInDown&#8221;] Szabadalmi \u00e9s v\u00e9djegybejegyz\u00e9si szolg\u00e1ltat\u00e1sok A m\u00e1rka- \u00e9s tal\u00e1lm\u00e1nyv\u00e9delem fontos feladat a magyarorsz\u00e1gi \u00e9s k\u00fclf\u00f6ldi v\u00e1llalkoz\u00e1sok sz\u00e1m\u00e1ra. Szabadalmi \u00e9s v\u00e9djegyszolg\u00e1ltat\u00e1si szolg\u00e1ltat\u00e1saink seg\u00edtenek \u00d6nnek abban, hogy minim\u00e1lis r\u00e1ford\u00edt\u00e1ssal biztos\u00edtsa szellemi tulajdon\u00e1t. A v\u00e9djegybejegyz\u00e9s minden szakasz\u00e1ban professzion\u00e1lis t\u00e1mogat\u00e1st ny\u00fajtunk, hogy biztos\u00edtsuk v\u00e9djegye vagy szabadalma oltalm\u00e1t.[\/vc_column_text][\/vc_column][\/vc_row][vc_row content_placement=&#8221;middle&#8221; css_animation=&#8221;fadeInUp&#8221;][vc_column width=&#8221;1\/2&#8243;][vc_column_text css_animation=&#8221;slideInLeft&#8221;] V\u00e9djegy- \u00e9s szabadalmi bejegyz\u00e9si szolg\u00e1ltat\u00e1sok Magyarorsz\u00e1gon<\/p>\n","protected":false},"author":2,"featured_media":0,"parent":0,"menu_order":0,"comment_status":"closed","ping_status":"closed","template":"","meta":{"_acf_changed":false,"footnotes":""},"class_list":["post-9455","page","type-page","status-publish","hentry"],"acf":[],"yoast_head":"<!-- This site is optimized with the Yoast SEO plugin v27.3 - https:\/\/yoast.com\/product\/yoast-seo-wordpress\/ -->\n<title>Szabadalmi \u00e9s v\u00e9djegybejegyz\u00e9si szolg\u00e1ltat\u00e1sok - Fchain<\/title>\n<meta name=\"description\" content=\"Regisztr\u00e1lja v\u00e9djegy\u00e9t \u00e9rdekeinek megb\u00edzhat\u00f3 v\u00e9delme \u00e9rdek\u00e9ben, figyelembe v\u00e9ve a hat\u00e1lyos jogszab\u00e1lyokat. Az FChain seg\u00edt a regisztr\u00e1ci\u00f3ban\" \/>\n<meta name=\"robots\" content=\"index, follow, max-snippet:-1, max-image-preview:large, max-video-preview:-1\" \/>\n<link rel=\"canonical\" href=\"https:\/\/hu.f-chain.com\/hu\/szabadalmi-es-vedjegybejegyzesi-szolgaltatasok\/\" \/>\n<meta property=\"og:locale\" content=\"hu_HU\" \/>\n<meta property=\"og:type\" content=\"article\" \/>\n<meta property=\"og:title\" content=\"Szabadalmi \u00e9s v\u00e9djegybejegyz\u00e9si szolg\u00e1ltat\u00e1sok - Fchain\" \/>\n<meta property=\"og:description\" content=\"Regisztr\u00e1lja v\u00e9djegy\u00e9t \u00e9rdekeinek megb\u00edzhat\u00f3 v\u00e9delme \u00e9rdek\u00e9ben, figyelembe v\u00e9ve a hat\u00e1lyos jogszab\u00e1lyokat. Az FChain seg\u00edt a regisztr\u00e1ci\u00f3ban\" \/>\n<meta property=\"og:url\" content=\"https:\/\/hu.f-chain.com\/hu\/szabadalmi-es-vedjegybejegyzesi-szolgaltatasok\/\" \/>\n<meta property=\"og:site_name\" content=\"Fchain\" \/>\n<meta name=\"twitter:card\" content=\"summary_large_image\" \/>\n<meta name=\"twitter:label1\" content=\"Becs\u00fclt olvas\u00e1si id\u0151\" \/>\n\t<meta name=\"twitter:data1\" content=\"2 perc\" \/>\n<script type=\"application\/ld+json\" class=\"yoast-schema-graph\">{\"@context\":\"https:\\\/\\\/schema.org\",\"@graph\":[{\"@type\":\"WebPage\",\"@id\":\"https:\\\/\\\/hu.f-chain.com\\\/hu\\\/szabadalmi-es-vedjegybejegyzesi-szolgaltatasok\\\/\",\"url\":\"https:\\\/\\\/hu.f-chain.com\\\/hu\\\/szabadalmi-es-vedjegybejegyzesi-szolgaltatasok\\\/\",\"name\":\"Szabadalmi \u00e9s v\u00e9djegybejegyz\u00e9si szolg\u00e1ltat\u00e1sok - Fchain\",\"isPartOf\":{\"@id\":\"https:\\\/\\\/hu.f-chain.com\\\/#website\"},\"datePublished\":\"2025-05-26T02:12:15+00:00\",\"description\":\"Regisztr\u00e1lja v\u00e9djegy\u00e9t \u00e9rdekeinek megb\u00edzhat\u00f3 v\u00e9delme \u00e9rdek\u00e9ben, figyelembe v\u00e9ve a hat\u00e1lyos jogszab\u00e1lyokat. Az FChain seg\u00edt a regisztr\u00e1ci\u00f3ban\",\"breadcrumb\":{\"@id\":\"https:\\\/\\\/hu.f-chain.com\\\/hu\\\/szabadalmi-es-vedjegybejegyzesi-szolgaltatasok\\\/#breadcrumb\"},\"inLanguage\":\"hu\",\"potentialAction\":[{\"@type\":\"ReadAction\",\"target\":[\"https:\\\/\\\/hu.f-chain.com\\\/hu\\\/szabadalmi-es-vedjegybejegyzesi-szolgaltatasok\\\/\"]}]},{\"@type\":\"BreadcrumbList\",\"@id\":\"https:\\\/\\\/hu.f-chain.com\\\/hu\\\/szabadalmi-es-vedjegybejegyzesi-szolgaltatasok\\\/#breadcrumb\",\"itemListElement\":[{\"@type\":\"ListItem\",\"position\":1,\"name\":\"Home\",\"item\":\"https:\\\/\\\/hu.f-chain.com\\\/hu\\\/\"},{\"@type\":\"ListItem\",\"position\":2,\"name\":\"Szabadalmi \u00e9s v\u00e9djegybejegyz\u00e9si szolg\u00e1ltat\u00e1sok\"}]},{\"@type\":\"WebSite\",\"@id\":\"https:\\\/\\\/hu.f-chain.com\\\/#website\",\"url\":\"https:\\\/\\\/hu.f-chain.com\\\/\",\"name\":\"Fchain\",\"description\":\"\",\"potentialAction\":[{\"@type\":\"SearchAction\",\"target\":{\"@type\":\"EntryPoint\",\"urlTemplate\":\"https:\\\/\\\/hu.f-chain.com\\\/?s={search_term_string}\"},\"query-input\":{\"@type\":\"PropertyValueSpecification\",\"valueRequired\":true,\"valueName\":\"search_term_string\"}}],\"inLanguage\":\"hu\"}]}<\/script>\n<!-- \/ Yoast SEO plugin. -->","yoast_head_json":{"title":"Szabadalmi \u00e9s v\u00e9djegybejegyz\u00e9si szolg\u00e1ltat\u00e1sok - Fchain","description":"Regisztr\u00e1lja v\u00e9djegy\u00e9t \u00e9rdekeinek megb\u00edzhat\u00f3 v\u00e9delme \u00e9rdek\u00e9ben, figyelembe v\u00e9ve a hat\u00e1lyos jogszab\u00e1lyokat. Az FChain seg\u00edt a regisztr\u00e1ci\u00f3ban","robots":{"index":"index","follow":"follow","max-snippet":"max-snippet:-1","max-image-preview":"max-image-preview:large","max-video-preview":"max-video-preview:-1"},"canonical":"https:\/\/hu.f-chain.com\/hu\/szabadalmi-es-vedjegybejegyzesi-szolgaltatasok\/","og_locale":"hu_HU","og_type":"article","og_title":"Szabadalmi \u00e9s v\u00e9djegybejegyz\u00e9si szolg\u00e1ltat\u00e1sok - Fchain","og_description":"Regisztr\u00e1lja v\u00e9djegy\u00e9t \u00e9rdekeinek megb\u00edzhat\u00f3 v\u00e9delme \u00e9rdek\u00e9ben, figyelembe v\u00e9ve a hat\u00e1lyos jogszab\u00e1lyokat. Az FChain seg\u00edt a regisztr\u00e1ci\u00f3ban","og_url":"https:\/\/hu.f-chain.com\/hu\/szabadalmi-es-vedjegybejegyzesi-szolgaltatasok\/","og_site_name":"Fchain","twitter_card":"summary_large_image","twitter_misc":{"Becs\u00fclt olvas\u00e1si id\u0151":"2 perc"},"schema":{"@context":"https:\/\/schema.org","@graph":[{"@type":"WebPage","@id":"https:\/\/hu.f-chain.com\/hu\/szabadalmi-es-vedjegybejegyzesi-szolgaltatasok\/","url":"https:\/\/hu.f-chain.com\/hu\/szabadalmi-es-vedjegybejegyzesi-szolgaltatasok\/","name":"Szabadalmi \u00e9s v\u00e9djegybejegyz\u00e9si szolg\u00e1ltat\u00e1sok - Fchain","isPartOf":{"@id":"https:\/\/hu.f-chain.com\/#website"},"datePublished":"2025-05-26T02:12:15+00:00","description":"Regisztr\u00e1lja v\u00e9djegy\u00e9t \u00e9rdekeinek megb\u00edzhat\u00f3 v\u00e9delme \u00e9rdek\u00e9ben, figyelembe v\u00e9ve a hat\u00e1lyos jogszab\u00e1lyokat. Az FChain seg\u00edt a regisztr\u00e1ci\u00f3ban","breadcrumb":{"@id":"https:\/\/hu.f-chain.com\/hu\/szabadalmi-es-vedjegybejegyzesi-szolgaltatasok\/#breadcrumb"},"inLanguage":"hu","potentialAction":[{"@type":"ReadAction","target":["https:\/\/hu.f-chain.com\/hu\/szabadalmi-es-vedjegybejegyzesi-szolgaltatasok\/"]}]},{"@type":"BreadcrumbList","@id":"https:\/\/hu.f-chain.com\/hu\/szabadalmi-es-vedjegybejegyzesi-szolgaltatasok\/#breadcrumb","itemListElement":[{"@type":"ListItem","position":1,"name":"Home","item":"https:\/\/hu.f-chain.com\/hu\/"},{"@type":"ListItem","position":2,"name":"Szabadalmi \u00e9s v\u00e9djegybejegyz\u00e9si szolg\u00e1ltat\u00e1sok"}]},{"@type":"WebSite","@id":"https:\/\/hu.f-chain.com\/#website","url":"https:\/\/hu.f-chain.com\/","name":"Fchain","description":"","potentialAction":[{"@type":"SearchAction","target":{"@type":"EntryPoint","urlTemplate":"https:\/\/hu.f-chain.com\/?s={search_term_string}"},"query-input":{"@type":"PropertyValueSpecification","valueRequired":true,"valueName":"search_term_string"}}],"inLanguage":"hu"}]}},"_links":{"self":[{"href":"https:\/\/hu.f-chain.com\/hu\/wp-json\/wp\/v2\/pages\/9455","targetHints":{"allow":["GET"]}}],"collection":[{"href":"https:\/\/hu.f-chain.com\/hu\/wp-json\/wp\/v2\/pages"}],"about":[{"href":"https:\/\/hu.f-chain.com\/hu\/wp-json\/wp\/v2\/types\/page"}],"author":[{"embeddable":true,"href":"https:\/\/hu.f-chain.com\/hu\/wp-json\/wp\/v2\/users\/2"}],"replies":[{"embeddable":true,"href":"https:\/\/hu.f-chain.com\/hu\/wp-json\/wp\/v2\/comments?post=9455"}],"version-history":[{"count":1,"href":"https:\/\/hu.f-chain.com\/hu\/wp-json\/wp\/v2\/pages\/9455\/revisions"}],"predecessor-version":[{"id":9460,"href":"https:\/\/hu.f-chain.com\/hu\/wp-json\/wp\/v2\/pages\/9455\/revisions\/9460"}],"wp:attachment":[{"href":"https:\/\/hu.f-chain.com\/hu\/wp-json\/wp\/v2\/media?parent=9455"}],"curies":[{"name":"wp","href":"https:\/\/api.w.org\/{rel}","templated":true}]}}