{"id":9447,"date":"2025-05-26T04:45:21","date_gmt":"2025-05-26T01:45:21","guid":{"rendered":"https:\/\/hu.f-chain.com\/?page_id=9447"},"modified":"2025-05-26T04:45:21","modified_gmt":"2025-05-26T01:45:21","slug":"szerzodesek-lebonyolitasa-szerkesztese-magyarorszagon","status":"publish","type":"page","link":"https:\/\/hu.f-chain.com\/hu\/szerzodesek-lebonyolitasa-szerkesztese-magyarorszagon\/","title":{"rendered":"Szerz\u0151d\u00e9sek lebonyol\u00edt\u00e1sa, szerkeszt\u00e9se Magyarorsz\u00e1gon"},"content":{"rendered":"<div class=\"wpb-content-wrapper\"><p>[vc_row css_animation=&#8221;fadeInUp&#8221;][vc_column][vc_column_text css_animation=&#8221;fadeInDown&#8221;]<\/p>\n<h2>Professzion\u00e1lis szerz\u0151d\u00e9sk\u00f6t\u00e9si \u00e9s jogi fel\u00fclvizsg\u00e1lati szolg\u00e1ltat\u00e1sok<\/h2>\n<p><span style=\"font-weight: 400;\">A szerz\u0151d\u00e9sk\u00f6t\u00e9s minden v\u00e1llalkoz\u00e1s sz\u00e1m\u00e1ra fontos l\u00e9p\u00e9s, k\u00fcl\u00f6n\u00f6sen Magyarorsz\u00e1gon, ahol a helyi jogszab\u00e1lyoknak val\u00f3 megfelel\u00e9s k\u00f6telez\u0151. A <\/span><b>jogi szerz\u0151d\u00e9sk\u00f6t\u00e9s<\/b><span style=\"font-weight: 400;\"> seg\u00edt a felek \u00e9rdekeit v\u00e9d\u0151, jogilag megalapozott meg\u00e1llapod\u00e1sok l\u00e9trehoz\u00e1s\u00e1ban. A <\/span><b>jogi szerz\u0151d\u00e9sk\u00f6t\u00e9si szolg\u00e1ltat\u00e1sok<\/b><span style=\"font-weight: 400;\"> ny\u00fajt\u00e1sa sor\u00e1n szakmai t\u00e1mogat\u00e1st ny\u00fajtunk az el\u0151k\u00e9sz\u00edt\u00e9st\u0151l az al\u00e1\u00edr\u00e1sig. Garant\u00e1ljuk, hogy szerz\u0151d\u00e9sei megfelelnek a magyar jogszab\u00e1lyoknak.<\/span>[\/vc_column_text][\/vc_column][\/vc_row][vc_row content_placement=&#8221;middle&#8221; css_animation=&#8221;fadeInUp&#8221;][vc_column width=&#8221;1\/2&#8243;][vc_column_text css_animation=&#8221;fadeInLeft&#8221;]<\/p>\n<h2>A jogi megfelel\u00e9s biztos\u00edt\u00e1sa az \u00fczleti meg\u00e1llapod\u00e1sokban<\/h2>\n<p><span style=\"font-weight: 400;\">A megfelel\u0151 <\/span><b>szerz\u0151d\u00e9sk\u00f6t\u00e9s<\/b><span style=\"font-weight: 400;\"> a v\u00e1llalkoz\u00e1s ig\u00e9nyeinek elemz\u00e9s\u00e9vel kezd\u0151dik. Szakembereink <\/span><b>szerz\u0151d\u00e9sjogi szolg\u00e1ltat\u00e1sokat<\/b><span style=\"font-weight: 400;\"> ny\u00fajtanak, amelyek magukban foglalj\u00e1k a felt\u00e9telek \u00e9s a helyi jogszab\u00e1lyoknak val\u00f3 megfelel\u00e9s ellen\u0151rz\u00e9s\u00e9t. Ez k\u00fcl\u00f6n\u00f6sen fontos a nemzetk\u00f6zileg m\u0171k\u00f6d\u0151 c\u00e9gek eset\u00e9ben, ahol figyelembe kell venni a magyar jog saj\u00e1toss\u00e1gait.<\/span><\/p>\n<h3>Szerz\u0151d\u00e9sek v\u00e9grehajt\u00e1sa \u00e9s kock\u00e1zatkezel\u00e9s<\/h3>\n<p><span style=\"font-weight: 400;\">A szerz\u0151d\u00e9s elk\u00e9sz\u00edt\u00e9se ut\u00e1n kezd\u0151dik a szerz\u0151d\u00e9s <\/span><b>teljes\u00edt\u00e9si szakasza<\/b><span style=\"font-weight: 400;\">. Seg\u00edt\u00fcnk megszervezni az al\u00e1\u00edr\u00e1si folyamatot, \u00e9s biztos\u00edtjuk, hogy minden f\u00e9l teljes\u00edtse k\u00f6telezetts\u00e9geit. Szolg\u00e1ltat\u00e1saink k\u00f6z\u00e9 tartozik tov\u00e1bb\u00e1 <\/span><b>szerz\u0151d\u00e9sv\u00e9grehajt\u00e1s \u00e9s kock\u00e1zatkezel\u00e9s<\/b><span style=\"font-weight: 400;\"> az esetleges vit\u00e1k minimaliz\u00e1l\u00e1sa \u00e9rdek\u00e9ben.<\/span>[\/vc_column_text][\/vc_column][vc_column width=&#8221;1\/2&#8243;][vc_single_image image=&#8221;5179&#8243; img_size=&#8221;full&#8221;][\/vc_column][\/vc_row][vc_row content_placement=&#8221;middle&#8221; css_animation=&#8221;fadeInUp&#8221;][vc_column width=&#8221;1\/2&#8243;][vc_single_image image=&#8221;5176&#8243; img_size=&#8221;full&#8221;][\/vc_column][vc_column width=&#8221;1\/2&#8243;][vc_column_text css_animation=&#8221;fadeInRight&#8221;]<\/p>\n<h2>Mi\u00e9rt v\u00e1lassza az FCHAIN szerz\u0151d\u00e9si jogi szak\u00e9rt\u0151it?<\/h2>\n<p><span style=\"font-weight: 400;\">\u00dcgyfeleink a magyar jog alapos ismeret\u00e9nek k\u00f6sz\u00f6nhet\u0151en b\u00edznak benn\u00fcnk. A vel\u00fcnk val\u00f3 egy\u00fcttm\u0171k\u00f6d\u00e9s el\u0151nyei:<\/span><\/p>\n<ul>\n<li style=\"font-weight: 400;\" aria-level=\"1\"><span style=\"font-weight: 400;\">teljes k\u00f6r\u0171 t\u00e1mogat\u00e1s \u2013 a szerz\u0151d\u00e9s megsz\u00f6vegez\u00e9s\u00e9t\u0151l a szerz\u0151d\u00e9s teljes\u00edt\u00e9s\u00e9ig;<\/span><\/li>\n<li style=\"font-weight: 400;\" aria-level=\"1\"><span style=\"font-weight: 400;\">titokv\u00e9delem \u00e9s jogbiztons\u00e1g;<\/span><\/li>\n<li style=\"font-weight: 400;\" aria-level=\"1\"><span style=\"font-weight: 400;\">garant\u00e1lja a pontos <\/span><b>szerz\u0151d\u00e9sk\u00f6t\u00e9s<\/b><span style=\"font-weight: 400;\"> az \u00d6n v\u00e1llalkoz\u00e1sa sz\u00e1m\u00e1ra.<\/span><\/li>\n<\/ul>\n<p><span style=\"font-weight: 400;\">Mi is k\u00edn\u00e1lunk <\/span><b>szerz\u0151d\u00e9sk\u00f6t\u00e9s Magyarorsz\u00e1gon<\/b><span style=\"font-weight: 400;\">, ami megb\u00edzhat\u00f3 partnerr\u00e9 tesz minket a helyi \u00e9s k\u00fclf\u00f6ldi c\u00e9gek sz\u00e1m\u00e1ra.<\/span><\/p>\n<h3>Szak\u00e9rt\u0151i szerz\u0151d\u00e9sszerkeszt\u00e9s \u00e9s jogi fel\u00fclvizsg\u00e1lat<\/h3>\n<p><span style=\"font-weight: 400;\">A min\u0151s\u00e9g <\/span><b>szerz\u0151d\u00e9sk\u00f6t\u00e9s<\/b><span style=\"font-weight: 400;\"> megk\u00f6veteli a r\u00e9szletekre val\u00f3 odafigyel\u00e9st.<\/span><b> Szak\u00e9rt\u0151i szerz\u0151d\u00e9s szerkeszt\u00e9s \u00e9s jogi fel\u00fclvizsg\u00e1lat<\/b><span style=\"font-weight: 400;\"> szolg\u00e1ltat\u00e1saink k\u00f6z\u00e9 tartozik a szerz\u0151d\u00e9sek elk\u00e9sz\u00edt\u00e9se \u00e9s ellen\u0151rz\u00e9se. Foglalkozunk tov\u00e1bb\u00e1 <\/span><b>szerz\u0151d\u00e9sek szerkeszt\u00e9s\u00e9vel \u00e9s m\u00f3dos\u00edt\u00e1s\u00e1val<\/b><span style=\"font-weight: 400;\">, hogy figyelembe vegy\u00fck a felek minden v\u00e1ltoz\u00e1s\u00e1t \u00e9s k\u00edv\u00e1ns\u00e1g\u00e1t.<\/span>[\/vc_column_text][\/vc_column][\/vc_row][vc_row content_placement=&#8221;middle&#8221; css_animation=&#8221;fadeInUp&#8221;][vc_column width=&#8221;1\/2&#8243;][vc_column_text css_animation=&#8221;fadeInLeft&#8221;]<\/p>\n<h2>Egy\u00e9rtelm\u0171 \u00e9s hat\u00e9kony kereskedelmi meg\u00e1llapod\u00e1sok megfogalmaz\u00e1sa<\/h2>\n<p><span style=\"font-weight: 400;\">A sikeres egy\u00fcttm\u0171k\u00f6d\u00e9s kulcsa az egy\u00e9rtelm\u0171 \u00e9s megb\u00edzhat\u00f3 szerz\u0151d\u00e9sek l\u00e9trehoz\u00e1sa. <\/span><b>\u00dczleti szerz\u0151d\u00e9s k\u00e9sz\u00edt\u00e9se<\/b><span style=\"font-weight: 400;\"> seg\u00edt elker\u00fclni a felek k\u00f6z\u00f6tti f\u00e9lre\u00e9rt\u00e9seket. <\/span><b>C\u00e9galap\u00edt\u00e1s<\/b><span style=\"font-weight: 400;\"> szolg\u00e1ltat\u00e1st is k\u00edn\u00e1lunk azoknak, akik most ind\u00edtanak v\u00e1llalkoz\u00e1st Magyarorsz\u00e1gon, \u00e9s sz\u00fcks\u00e9g\u00fck van a partnerekkel val\u00f3 szerz\u0151d\u00e9sekre.<\/span><\/p>\n<h3>A gyakori szerz\u0151d\u00e9ses buktat\u00f3k elker\u00fcl\u00e9se<\/h3>\n<p><span style=\"font-weight: 400;\">A szerz\u0151d\u00e9s helytelen megsz\u00f6vegez\u00e9se komoly probl\u00e9m\u00e1khoz vezethet. \u00cdme n\u00e9h\u00e1ny tipp a hib\u00e1k elker\u00fcl\u00e9s\u00e9re:<\/span><\/p>\n<ol>\n<li style=\"font-weight: 400;\" aria-level=\"1\"><span style=\"font-weight: 400;\">Al\u00e1\u00edr\u00e1s el\u0151tt tiszt\u00e1zzon minden felt\u00e9telt.<\/span><\/li>\n<li style=\"font-weight: 400;\" aria-level=\"1\"><span style=\"font-weight: 400;\">Ellen\u0151rizze, hogy a szerz\u0151d\u00e9s megfelel-e a magyar jognak.<\/span><\/li>\n<li style=\"font-weight: 400;\" aria-level=\"1\"><span style=\"font-weight: 400;\">Szakemberek bevon\u00e1sa <\/span><b>\u00fczleti szerz\u0151d\u00e9sek fel\u00fclvizsg\u00e1lata \u00e9s szerkeszt\u00e9se<\/b><span style=\"font-weight: 400;\">.<\/span><\/li>\n<\/ol>\n<p><span style=\"font-weight: 400;\">Szak\u00e9rt\u0151ink seg\u00edtenek megb\u00edzhat\u00f3 meg\u00e1llapod\u00e1sok megk\u00f6t\u00e9s\u00e9ben \u00e9s a kock\u00e1zatok elker\u00fcl\u00e9s\u00e9ben.<\/span>[\/vc_column_text][\/vc_column][vc_column width=&#8221;1\/2&#8243;][vc_single_image image=&#8221;552&#8243; img_size=&#8221;full&#8221;][\/vc_column][\/vc_row]<\/p>\n<\/div>","protected":false},"excerpt":{"rendered":"<p>[vc_row css_animation=&#8221;fadeInUp&#8221;][vc_column][vc_column_text css_animation=&#8221;fadeInDown&#8221;] Professzion\u00e1lis szerz\u0151d\u00e9sk\u00f6t\u00e9si \u00e9s jogi fel\u00fclvizsg\u00e1lati szolg\u00e1ltat\u00e1sok A szerz\u0151d\u00e9sk\u00f6t\u00e9s minden v\u00e1llalkoz\u00e1s sz\u00e1m\u00e1ra fontos l\u00e9p\u00e9s, k\u00fcl\u00f6n\u00f6sen Magyarorsz\u00e1gon, ahol a helyi jogszab\u00e1lyoknak val\u00f3 megfelel\u00e9s k\u00f6telez\u0151. A jogi szerz\u0151d\u00e9sk\u00f6t\u00e9s seg\u00edt a felek \u00e9rdekeit v\u00e9d\u0151, jogilag megalapozott meg\u00e1llapod\u00e1sok l\u00e9trehoz\u00e1s\u00e1ban. A jogi szerz\u0151d\u00e9sk\u00f6t\u00e9si szolg\u00e1ltat\u00e1sok ny\u00fajt\u00e1sa sor\u00e1n szakmai t\u00e1mogat\u00e1st ny\u00fajtunk az el\u0151k\u00e9sz\u00edt\u00e9st\u0151l az al\u00e1\u00edr\u00e1sig. Garant\u00e1ljuk, hogy szerz\u0151d\u00e9sei megfelelnek a<\/p>\n","protected":false},"author":2,"featured_media":0,"parent":0,"menu_order":0,"comment_status":"closed","ping_status":"closed","template":"","meta":{"_acf_changed":false,"footnotes":""},"class_list":["post-9447","page","type-page","status-publish","hentry"],"acf":[],"yoast_head":"<!-- This site is optimized with the Yoast SEO plugin v27.3 - https:\/\/yoast.com\/product\/yoast-seo-wordpress\/ -->\n<title>Szerz\u0151d\u00e9sek lebonyol\u00edt\u00e1sa, szerkeszt\u00e9se Magyarorsz\u00e1gon - Fchain<\/title>\n<meta name=\"description\" content=\"A szerz\u0151d\u00e9s elk\u00e9sz\u00edt\u00e9s\u00e9hez fontos az \u00f6sszes lehets\u00e9ges kock\u00e1zat m\u00e9rlegel\u00e9se, a jogszab\u00e1lyi el\u0151\u00edr\u00e1soknak megfelel\u0151 megk\u00f6t\u00e9s. C\u00e9g\u00fcnk magas sz\u00ednvonal\u00fa szerz\u0151d\u00e9seket garant\u00e1l.\" \/>\n<meta name=\"robots\" content=\"index, follow, max-snippet:-1, max-image-preview:large, max-video-preview:-1\" \/>\n<link rel=\"canonical\" href=\"https:\/\/hu.f-chain.com\/hu\/szerzodesek-lebonyolitasa-szerkesztese-magyarorszagon\/\" \/>\n<meta property=\"og:locale\" content=\"hu_HU\" \/>\n<meta property=\"og:type\" content=\"article\" \/>\n<meta property=\"og:title\" content=\"Szerz\u0151d\u00e9sek lebonyol\u00edt\u00e1sa, szerkeszt\u00e9se Magyarorsz\u00e1gon - Fchain\" \/>\n<meta property=\"og:description\" content=\"A szerz\u0151d\u00e9s elk\u00e9sz\u00edt\u00e9s\u00e9hez fontos az \u00f6sszes lehets\u00e9ges kock\u00e1zat m\u00e9rlegel\u00e9se, a jogszab\u00e1lyi el\u0151\u00edr\u00e1soknak megfelel\u0151 megk\u00f6t\u00e9s. C\u00e9g\u00fcnk magas sz\u00ednvonal\u00fa szerz\u0151d\u00e9seket garant\u00e1l.\" \/>\n<meta property=\"og:url\" content=\"https:\/\/hu.f-chain.com\/hu\/szerzodesek-lebonyolitasa-szerkesztese-magyarorszagon\/\" \/>\n<meta property=\"og:site_name\" content=\"Fchain\" \/>\n<meta name=\"twitter:card\" content=\"summary_large_image\" \/>\n<meta name=\"twitter:label1\" content=\"Becs\u00fclt olvas\u00e1si id\u0151\" \/>\n\t<meta name=\"twitter:data1\" content=\"3 perc\" \/>\n<script type=\"application\/ld+json\" class=\"yoast-schema-graph\">{\"@context\":\"https:\\\/\\\/schema.org\",\"@graph\":[{\"@type\":\"WebPage\",\"@id\":\"https:\\\/\\\/hu.f-chain.com\\\/hu\\\/szerzodesek-lebonyolitasa-szerkesztese-magyarorszagon\\\/\",\"url\":\"https:\\\/\\\/hu.f-chain.com\\\/hu\\\/szerzodesek-lebonyolitasa-szerkesztese-magyarorszagon\\\/\",\"name\":\"Szerz\u0151d\u00e9sek lebonyol\u00edt\u00e1sa, szerkeszt\u00e9se Magyarorsz\u00e1gon - Fchain\",\"isPartOf\":{\"@id\":\"https:\\\/\\\/hu.f-chain.com\\\/#website\"},\"datePublished\":\"2025-05-26T01:45:21+00:00\",\"description\":\"A szerz\u0151d\u00e9s elk\u00e9sz\u00edt\u00e9s\u00e9hez fontos az \u00f6sszes lehets\u00e9ges kock\u00e1zat m\u00e9rlegel\u00e9se, a jogszab\u00e1lyi el\u0151\u00edr\u00e1soknak megfelel\u0151 megk\u00f6t\u00e9s. C\u00e9g\u00fcnk magas sz\u00ednvonal\u00fa szerz\u0151d\u00e9seket garant\u00e1l.\",\"breadcrumb\":{\"@id\":\"https:\\\/\\\/hu.f-chain.com\\\/hu\\\/szerzodesek-lebonyolitasa-szerkesztese-magyarorszagon\\\/#breadcrumb\"},\"inLanguage\":\"hu\",\"potentialAction\":[{\"@type\":\"ReadAction\",\"target\":[\"https:\\\/\\\/hu.f-chain.com\\\/hu\\\/szerzodesek-lebonyolitasa-szerkesztese-magyarorszagon\\\/\"]}]},{\"@type\":\"BreadcrumbList\",\"@id\":\"https:\\\/\\\/hu.f-chain.com\\\/hu\\\/szerzodesek-lebonyolitasa-szerkesztese-magyarorszagon\\\/#breadcrumb\",\"itemListElement\":[{\"@type\":\"ListItem\",\"position\":1,\"name\":\"Home\",\"item\":\"https:\\\/\\\/hu.f-chain.com\\\/hu\\\/\"},{\"@type\":\"ListItem\",\"position\":2,\"name\":\"Szerz\u0151d\u00e9sek lebonyol\u00edt\u00e1sa, szerkeszt\u00e9se Magyarorsz\u00e1gon\"}]},{\"@type\":\"WebSite\",\"@id\":\"https:\\\/\\\/hu.f-chain.com\\\/#website\",\"url\":\"https:\\\/\\\/hu.f-chain.com\\\/\",\"name\":\"Fchain\",\"description\":\"\",\"potentialAction\":[{\"@type\":\"SearchAction\",\"target\":{\"@type\":\"EntryPoint\",\"urlTemplate\":\"https:\\\/\\\/hu.f-chain.com\\\/?s={search_term_string}\"},\"query-input\":{\"@type\":\"PropertyValueSpecification\",\"valueRequired\":true,\"valueName\":\"search_term_string\"}}],\"inLanguage\":\"hu\"}]}<\/script>\n<!-- \/ Yoast SEO plugin. -->","yoast_head_json":{"title":"Szerz\u0151d\u00e9sek lebonyol\u00edt\u00e1sa, szerkeszt\u00e9se Magyarorsz\u00e1gon - Fchain","description":"A szerz\u0151d\u00e9s elk\u00e9sz\u00edt\u00e9s\u00e9hez fontos az \u00f6sszes lehets\u00e9ges kock\u00e1zat m\u00e9rlegel\u00e9se, a jogszab\u00e1lyi el\u0151\u00edr\u00e1soknak megfelel\u0151 megk\u00f6t\u00e9s. C\u00e9g\u00fcnk magas sz\u00ednvonal\u00fa szerz\u0151d\u00e9seket garant\u00e1l.","robots":{"index":"index","follow":"follow","max-snippet":"max-snippet:-1","max-image-preview":"max-image-preview:large","max-video-preview":"max-video-preview:-1"},"canonical":"https:\/\/hu.f-chain.com\/hu\/szerzodesek-lebonyolitasa-szerkesztese-magyarorszagon\/","og_locale":"hu_HU","og_type":"article","og_title":"Szerz\u0151d\u00e9sek lebonyol\u00edt\u00e1sa, szerkeszt\u00e9se Magyarorsz\u00e1gon - Fchain","og_description":"A szerz\u0151d\u00e9s elk\u00e9sz\u00edt\u00e9s\u00e9hez fontos az \u00f6sszes lehets\u00e9ges kock\u00e1zat m\u00e9rlegel\u00e9se, a jogszab\u00e1lyi el\u0151\u00edr\u00e1soknak megfelel\u0151 megk\u00f6t\u00e9s. C\u00e9g\u00fcnk magas sz\u00ednvonal\u00fa szerz\u0151d\u00e9seket garant\u00e1l.","og_url":"https:\/\/hu.f-chain.com\/hu\/szerzodesek-lebonyolitasa-szerkesztese-magyarorszagon\/","og_site_name":"Fchain","twitter_card":"summary_large_image","twitter_misc":{"Becs\u00fclt olvas\u00e1si id\u0151":"3 perc"},"schema":{"@context":"https:\/\/schema.org","@graph":[{"@type":"WebPage","@id":"https:\/\/hu.f-chain.com\/hu\/szerzodesek-lebonyolitasa-szerkesztese-magyarorszagon\/","url":"https:\/\/hu.f-chain.com\/hu\/szerzodesek-lebonyolitasa-szerkesztese-magyarorszagon\/","name":"Szerz\u0151d\u00e9sek lebonyol\u00edt\u00e1sa, szerkeszt\u00e9se Magyarorsz\u00e1gon - Fchain","isPartOf":{"@id":"https:\/\/hu.f-chain.com\/#website"},"datePublished":"2025-05-26T01:45:21+00:00","description":"A szerz\u0151d\u00e9s elk\u00e9sz\u00edt\u00e9s\u00e9hez fontos az \u00f6sszes lehets\u00e9ges kock\u00e1zat m\u00e9rlegel\u00e9se, a jogszab\u00e1lyi el\u0151\u00edr\u00e1soknak megfelel\u0151 megk\u00f6t\u00e9s. C\u00e9g\u00fcnk magas sz\u00ednvonal\u00fa szerz\u0151d\u00e9seket garant\u00e1l.","breadcrumb":{"@id":"https:\/\/hu.f-chain.com\/hu\/szerzodesek-lebonyolitasa-szerkesztese-magyarorszagon\/#breadcrumb"},"inLanguage":"hu","potentialAction":[{"@type":"ReadAction","target":["https:\/\/hu.f-chain.com\/hu\/szerzodesek-lebonyolitasa-szerkesztese-magyarorszagon\/"]}]},{"@type":"BreadcrumbList","@id":"https:\/\/hu.f-chain.com\/hu\/szerzodesek-lebonyolitasa-szerkesztese-magyarorszagon\/#breadcrumb","itemListElement":[{"@type":"ListItem","position":1,"name":"Home","item":"https:\/\/hu.f-chain.com\/hu\/"},{"@type":"ListItem","position":2,"name":"Szerz\u0151d\u00e9sek lebonyol\u00edt\u00e1sa, szerkeszt\u00e9se Magyarorsz\u00e1gon"}]},{"@type":"WebSite","@id":"https:\/\/hu.f-chain.com\/#website","url":"https:\/\/hu.f-chain.com\/","name":"Fchain","description":"","potentialAction":[{"@type":"SearchAction","target":{"@type":"EntryPoint","urlTemplate":"https:\/\/hu.f-chain.com\/?s={search_term_string}"},"query-input":{"@type":"PropertyValueSpecification","valueRequired":true,"valueName":"search_term_string"}}],"inLanguage":"hu"}]}},"_links":{"self":[{"href":"https:\/\/hu.f-chain.com\/hu\/wp-json\/wp\/v2\/pages\/9447","targetHints":{"allow":["GET"]}}],"collection":[{"href":"https:\/\/hu.f-chain.com\/hu\/wp-json\/wp\/v2\/pages"}],"about":[{"href":"https:\/\/hu.f-chain.com\/hu\/wp-json\/wp\/v2\/types\/page"}],"author":[{"embeddable":true,"href":"https:\/\/hu.f-chain.com\/hu\/wp-json\/wp\/v2\/users\/2"}],"replies":[{"embeddable":true,"href":"https:\/\/hu.f-chain.com\/hu\/wp-json\/wp\/v2\/comments?post=9447"}],"version-history":[{"count":1,"href":"https:\/\/hu.f-chain.com\/hu\/wp-json\/wp\/v2\/pages\/9447\/revisions"}],"predecessor-version":[{"id":9450,"href":"https:\/\/hu.f-chain.com\/hu\/wp-json\/wp\/v2\/pages\/9447\/revisions\/9450"}],"wp:attachment":[{"href":"https:\/\/hu.f-chain.com\/hu\/wp-json\/wp\/v2\/media?parent=9447"}],"curies":[{"name":"wp","href":"https:\/\/api.w.org\/{rel}","templated":true}]}}