{"id":9440,"date":"2025-05-26T04:30:29","date_gmt":"2025-05-26T01:30:29","guid":{"rendered":"https:\/\/hu.f-chain.com\/?page_id=9440"},"modified":"2025-05-26T04:30:29","modified_gmt":"2025-05-26T01:30:29","slug":"professzionalis-jogi-szolgaltatasok","status":"publish","type":"page","link":"https:\/\/hu.f-chain.com\/hu\/professzionalis-jogi-szolgaltatasok\/","title":{"rendered":"Professzion\u00e1lis jogi szolg\u00e1ltat\u00e1sok"},"content":{"rendered":"<div class=\"wpb-content-wrapper\"><p>[vc_row content_placement=&#8221;middle&#8221; css_animation=&#8221;fadeInUp&#8221;][vc_column][vc_column_text css_animation=&#8221;fadeInDown&#8221;]<\/p>\n<h2>Szakmai jogi szolg\u00e1ltat\u00e1sok Magyarorsz\u00e1gon<\/h2>\n<p><span style=\"font-weight: 400;\">Min\u0151s\u00e9gi jogi t\u00e1mogat\u00e1s n\u00e9lk\u00fcl lehetetlen v\u00e1llalkoz\u00e1st m\u0171k\u00f6dtetni vagy szem\u00e9lyes probl\u00e9m\u00e1kat megoldani. <\/span><b>Jogi szolg\u00e1ltat\u00e1sok<\/b><span style=\"font-weight: 400;\"> biztos\u00edtj\u00e1k, hogy a v\u00e1llalatok \u00e9s mag\u00e1nszem\u00e9lyek k\u00e9pesek legyenek megfelelni a helyi jogszab\u00e1lyoknak, minimaliz\u00e1lni a kock\u00e1zatokat \u00e9s hat\u00e9konyan megoldani a vit\u00e1kat. \u00dcgyfeleinknek <\/span><b>professzion\u00e1lis jogi szolg\u00e1ltat\u00e1sokat<\/b><span style=\"font-weight: 400;\"> ny\u00fajtunk, amelyek kiterjednek a tranzakci\u00f3khoz \u00e9s a c\u00e9gbejegyz\u00e9shez ny\u00fajtott jogi t\u00e1mogat\u00e1sra. <\/span><b>Jogi szolg\u00e1ltat\u00e1saink<\/b><span style=\"font-weight: 400;\"> az \u00d6n c\u00e9ljainak el\u00e9r\u00e9s\u00e9re \u00f6sszpontos\u00edtanak.<\/span>[\/vc_column_text][\/vc_column][\/vc_row][vc_row content_placement=&#8221;middle&#8221; css_animation=&#8221;fadeInUp&#8221;][vc_column width=&#8221;1\/2&#8243;][vc_column_text css_animation=&#8221;fadeInLeft&#8221;]<\/p>\n<h2>Szak\u00e9rt\u0151i jogi tan\u00e1csad\u00e1s v\u00e1llalatok \u00e9s mag\u00e1nszem\u00e9lyek sz\u00e1m\u00e1ra<\/h2>\n<p><span style=\"font-weight: 400;\">Minden v\u00e1llalat egy\u00e9ni kih\u00edv\u00e1sokkal n\u00e9z szembe. <\/span><b>Jogi tan\u00e1csad\u00e1ssal foglalkoz\u00f3<\/b><span style=\"font-weight: 400;\"> szakembereink seg\u00edtenek a v\u00e1llalkoz\u00e1soknak, hogy gyorsan reag\u00e1lhassanak a magyar jogszab\u00e1lyok v\u00e1ltoz\u00e1saira. Mag\u00e1nszem\u00e9lyek sz\u00e1m\u00e1ra t\u00e1mogat\u00e1st ny\u00fajtunk bev\u00e1ndorl\u00e1si \u00fcgyekben, valamint ingatlan\u00fcgyletekben, amelyek szolg\u00e1ltat\u00e1si k\u00f6r\u00fcnk r\u00e9sz\u00e9t k\u00e9pezik <\/span><b>jogi szolg\u00e1ltat\u00e1sok<\/b><span style=\"font-weight: 400;\">.<\/span><\/p>\n<h3>T\u00e1rsas\u00e1gi jog \u00e9s \u00fczleti tan\u00e1csad\u00e1s<\/h3>\n<p><span style=\"font-weight: 400;\">A v\u00e1llalkoz\u00e1s ind\u00edt\u00e1sa olyan folyamat, amely figyelmet ig\u00e9nyel a r\u00e9szletekre. A <\/span><b>c\u00e9galap\u00edt\u00e1si jogi szolg\u00e1ltat\u00e1sok magukban<\/b><span style=\"font-weight: 400;\"> foglalj\u00e1k az \u00fczleti tan\u00e1csad\u00e1st, a megfelel\u0151 alap\u00edt\u00e1si dokumentumok elk\u00e9sz\u00edt\u00e9s\u00e9t \u00e9s a bejegyz\u00e9st. T\u00e1mogat\u00e1st ny\u00fajtunk a <\/span><b>t\u00e1rsas\u00e1gi jog<\/b><span style=\"font-weight: 400;\"> ter\u00fclet\u00e9n is, seg\u00edtve a partnerekkel \u00e9s partnerekkel val\u00f3 szoros kapcsolatok ki\u00e9p\u00edt\u00e9s\u00e9t.<\/span>[\/vc_column_text][\/vc_column][vc_column width=&#8221;1\/2&#8243;][vc_single_image image=&#8221;1020&#8243; img_size=&#8221;full&#8221;][\/vc_column][\/vc_row][vc_row content_placement=&#8221;middle&#8221;][vc_column width=&#8221;1\/2&#8243;][vc_single_image image=&#8221;5164&#8243; img_size=&#8221;full&#8221;][\/vc_column][vc_column width=&#8221;1\/2&#8243;][vc_column_text css_animation=&#8221;fadeInRight&#8221;]<\/p>\n<h2>\u00c1tfog\u00f3 \u00fczleti jogi megold\u00e1sok Magyarorsz\u00e1gon<\/h2>\n<p><span style=\"font-weight: 400;\">A v\u00e1llalkoz\u00e1soknak \u00e1tfog\u00f3 megold\u00e1sokra van sz\u00fcks\u00e9g\u00fck ahhoz, hogy sikeresek legyenek a magyar piacon. <\/span><b>\u00dczleti jogi szolg\u00e1ltat\u00e1sok Magyarorsz\u00e1g<\/b><span style=\"font-weight: 400;\"> szerz\u0151d\u00e9ses t\u00e1mogat\u00e1sra, ad\u00f3tan\u00e1csad\u00e1sra \u00e9s jogv\u00e9delemre terjed ki. P\u00e9ld\u00e1ul <\/span><b>peres szolg\u00e1ltat\u00e1sok<\/b><span style=\"font-weight: 400;\"> professzion\u00e1lis k\u00e9pviseletet biztos\u00edtanak a partnerekkel \u00e9s hat\u00f3s\u00e1gokkal folytatott vit\u00e1kban. Ez k\u00fcl\u00f6n\u00f6sen fontos a k\u00fclf\u00f6ldi \u00fczletemberek sz\u00e1m\u00e1ra, akiknek <\/span><b>jogi seg\u00edts\u00e9gny\u00fajt\u00e1s k\u00fclf\u00f6ldiek sz\u00e1m\u00e1ra<\/b><span style=\"font-weight: 400;\"> van sz\u00fcks\u00e9g\u00fck. <\/span><b>Jogi szolg\u00e1ltat\u00e1sokat<\/b><span style=\"font-weight: 400;\"> k\u00edn\u00e1lunk, hogy seg\u00edts\u00fck v\u00e1llalkoz\u00e1s\u00e1nak n\u00f6veked\u00e9s\u00e9t.<\/span><\/p>\n<h3>Ingatlanjog \u00e9s ingatlan\u00fcgyletek<\/h3>\n<p><span style=\"font-weight: 400;\">Az ingatlan\u00fcgyletek sor\u00e1n fontos a dokumentumok gondos ellen\u0151rz\u00e9se \u00e9s a helyi jogi k\u00f6vetelm\u00e9nyek figyelembev\u00e9tele. A kock\u00e1zatok minimaliz\u00e1l\u00e1sa \u00e9s a befektet\u00e9s biztons\u00e1g\u00e1nak garant\u00e1l\u00e1sa \u00e9rdek\u00e9ben <\/span><b>ingatlanjogi szolg\u00e1ltat\u00e1sokat, szerz\u0151d\u00e9sszerkeszt\u00e9st \u00e9s ellen\u0151rz\u00e9st<\/b><span style=\"font-weight: 400;\"> ny\u00fajtunk.<\/span>[\/vc_column_text][\/vc_column][\/vc_row][vc_row content_placement=&#8221;middle&#8221;][vc_column width=&#8221;1\/2&#8243;][vc_column_text css_animation=&#8221;fadeInUp&#8221;]<\/p>\n<h2>Mi\u00e9rt v\u00e1lassza jogi szak\u00e9rt\u0151inket Magyarorsz\u00e1gon?<\/h2>\n<p><span style=\"font-weight: 400;\">\u00dcgyfeleink nagyra \u00e9rt\u00e9kelik szem\u00e9lyre szabott megk\u00f6zel\u00edt\u00e9s\u00fcnket \u00e9s a magyar jog alapos ismeret\u00e9t. A vel\u00fcnk val\u00f3 egy\u00fcttm\u0171k\u00f6d\u00e9s el\u0151nyei:<\/span><\/p>\n<ol>\n<li style=\"font-weight: 400;\" aria-level=\"1\"><span style=\"font-weight: 400;\">\u00c1tfog\u00f3 t\u00e1mogat\u00e1s \u2013 a tan\u00e1csad\u00e1st\u00f3l a peres elj\u00e1r\u00e1sokig.<\/span><\/li>\n<li style=\"font-weight: 400;\" aria-level=\"1\"><span style=\"font-weight: 400;\">Titoktart\u00e1si v\u00e9delem \u00e9s biztons\u00e1gos adatt\u00e1rol\u00e1s.<\/span><\/li>\n<li style=\"font-weight: 400;\" aria-level=\"1\"><span style=\"font-weight: 400;\">Magas szint\u0171 szak\u00e9rtelem <\/span><b>szakmai jogi szolg\u00e1ltat\u00e1sok<\/b><span style=\"font-weight: 400;\"> v\u00e1llalkoz\u00e1sok \u00e9s mag\u00e1nszem\u00e9lyek sz\u00e1m\u00e1ra.<\/span><\/li>\n<\/ol>\n<p><b>Jogi szolg\u00e1ltat\u00e1sok Magyarorsz\u00e1gon <\/b><span style=\"font-weight: 400;\">az FCHAIN csapat\u00e1t\u00f3l garant\u00e1lja v\u00e1llalkoz\u00e1sa stabilit\u00e1s\u00e1t.<\/span><b> Az FCHAIN az egyik legjobb \u00fcgyv\u00e9di iroda a v\u00e1llalkoz\u00e1sok sz\u00e1m\u00e1ra Magyarorsz\u00e1gon<\/b><span style=\"font-weight: 400;\">, \u00e9s k\u00e9szek vagyunk ezt a gyakorlatban is bizony\u00edtani.<\/span><\/p>\n<h3>Ad\u00f3jog \u00e9s p\u00e9nz\u00fcgyi jogi seg\u00edts\u00e9gny\u00fajt\u00e1s<\/h3>\n<p><span style=\"font-weight: 400;\">Az ad\u00f3z\u00e1si k\u00e9rd\u00e9sek gyakran okoznak neh\u00e9zs\u00e9geket a v\u00e1llalatok sz\u00e1m\u00e1ra. <\/span><b>Ad\u00f3jogi tan\u00e1csad\u00e1ssal kapcsolatos<\/b><span style=\"font-weight: 400;\"> szolg\u00e1ltat\u00e1sainkkal optimaliz\u00e1lhatja ad\u00f3terheit \u00e9s elker\u00fclheti a b\u00fcntet\u00e9seket. Emellett <\/span><b>v\u00e1llalati jogi megfelel\u00e9s<\/b><span style=\"font-weight: 400;\"> szolg\u00e1ltat\u00e1st is ny\u00fajtunk annak \u00e9rdek\u00e9ben, hogy v\u00e1llalkoz\u00e1sa teljes m\u00e9rt\u00e9kben megfeleljen a magyar t\u00f6rv\u00e9nyeknek \u00e9s szab\u00e1lyoz\u00e1soknak.<\/span>[\/vc_column_text][\/vc_column][vc_column width=&#8221;1\/2&#8243;][vc_single_image image=&#8221;191&#8243; img_size=&#8221;full&#8221;][\/vc_column][\/vc_row]<\/p>\n<\/div>","protected":false},"excerpt":{"rendered":"<p>[vc_row content_placement=&#8221;middle&#8221; css_animation=&#8221;fadeInUp&#8221;][vc_column][vc_column_text css_animation=&#8221;fadeInDown&#8221;] Szakmai jogi szolg\u00e1ltat\u00e1sok Magyarorsz\u00e1gon Min\u0151s\u00e9gi jogi t\u00e1mogat\u00e1s n\u00e9lk\u00fcl lehetetlen v\u00e1llalkoz\u00e1st m\u0171k\u00f6dtetni vagy szem\u00e9lyes probl\u00e9m\u00e1kat megoldani. Jogi szolg\u00e1ltat\u00e1sok biztos\u00edtj\u00e1k, hogy a v\u00e1llalatok \u00e9s mag\u00e1nszem\u00e9lyek k\u00e9pesek legyenek megfelelni a helyi jogszab\u00e1lyoknak, minimaliz\u00e1lni a kock\u00e1zatokat \u00e9s hat\u00e9konyan megoldani a vit\u00e1kat. \u00dcgyfeleinknek professzion\u00e1lis jogi szolg\u00e1ltat\u00e1sokat ny\u00fajtunk, amelyek kiterjednek a tranzakci\u00f3khoz \u00e9s a c\u00e9gbejegyz\u00e9shez ny\u00fajtott jogi<\/p>\n","protected":false},"author":2,"featured_media":0,"parent":0,"menu_order":0,"comment_status":"closed","ping_status":"closed","template":"","meta":{"_acf_changed":false,"footnotes":""},"class_list":["post-9440","page","type-page","status-publish","hentry"],"acf":[],"yoast_head":"<!-- This site is optimized with the Yoast SEO plugin v27.3 - https:\/\/yoast.com\/product\/yoast-seo-wordpress\/ -->\n<title>Professzion\u00e1lis jogi szolg\u00e1ltat\u00e1sok - Fchain<\/title>\n<meta name=\"description\" content=\"Professzion\u00e1lis jogi szolg\u00e1ltat\u00e1sok a Financial Chain Corporation-t\u0151l Magyarorsz\u00e1gon. F\u0151 el\u0151ny\u00fcnk a megb\u00edzhat\u00f3s\u00e1g, a rendelkez\u00e9sre \u00e1ll\u00e1s \u00e9s a t\u00f6rv\u00e9nyek ismerete\" \/>\n<meta name=\"robots\" content=\"index, follow, max-snippet:-1, max-image-preview:large, max-video-preview:-1\" \/>\n<link rel=\"canonical\" href=\"https:\/\/hu.f-chain.com\/hu\/professzionalis-jogi-szolgaltatasok\/\" \/>\n<meta property=\"og:locale\" content=\"hu_HU\" \/>\n<meta property=\"og:type\" content=\"article\" \/>\n<meta property=\"og:title\" content=\"Professzion\u00e1lis jogi szolg\u00e1ltat\u00e1sok - Fchain\" \/>\n<meta property=\"og:description\" content=\"Professzion\u00e1lis jogi szolg\u00e1ltat\u00e1sok a Financial Chain Corporation-t\u0151l Magyarorsz\u00e1gon. F\u0151 el\u0151ny\u00fcnk a megb\u00edzhat\u00f3s\u00e1g, a rendelkez\u00e9sre \u00e1ll\u00e1s \u00e9s a t\u00f6rv\u00e9nyek ismerete\" \/>\n<meta property=\"og:url\" content=\"https:\/\/hu.f-chain.com\/hu\/professzionalis-jogi-szolgaltatasok\/\" \/>\n<meta property=\"og:site_name\" content=\"Fchain\" \/>\n<meta name=\"twitter:card\" content=\"summary_large_image\" \/>\n<meta name=\"twitter:label1\" content=\"Becs\u00fclt olvas\u00e1si id\u0151\" \/>\n\t<meta name=\"twitter:data1\" content=\"3 perc\" \/>\n<script type=\"application\/ld+json\" class=\"yoast-schema-graph\">{\"@context\":\"https:\\\/\\\/schema.org\",\"@graph\":[{\"@type\":\"WebPage\",\"@id\":\"https:\\\/\\\/hu.f-chain.com\\\/hu\\\/professzionalis-jogi-szolgaltatasok\\\/\",\"url\":\"https:\\\/\\\/hu.f-chain.com\\\/hu\\\/professzionalis-jogi-szolgaltatasok\\\/\",\"name\":\"Professzion\u00e1lis jogi szolg\u00e1ltat\u00e1sok - Fchain\",\"isPartOf\":{\"@id\":\"https:\\\/\\\/hu.f-chain.com\\\/#website\"},\"datePublished\":\"2025-05-26T01:30:29+00:00\",\"description\":\"Professzion\u00e1lis jogi szolg\u00e1ltat\u00e1sok a Financial Chain Corporation-t\u0151l Magyarorsz\u00e1gon. F\u0151 el\u0151ny\u00fcnk a megb\u00edzhat\u00f3s\u00e1g, a rendelkez\u00e9sre \u00e1ll\u00e1s \u00e9s a t\u00f6rv\u00e9nyek ismerete\",\"breadcrumb\":{\"@id\":\"https:\\\/\\\/hu.f-chain.com\\\/hu\\\/professzionalis-jogi-szolgaltatasok\\\/#breadcrumb\"},\"inLanguage\":\"hu\",\"potentialAction\":[{\"@type\":\"ReadAction\",\"target\":[\"https:\\\/\\\/hu.f-chain.com\\\/hu\\\/professzionalis-jogi-szolgaltatasok\\\/\"]}]},{\"@type\":\"BreadcrumbList\",\"@id\":\"https:\\\/\\\/hu.f-chain.com\\\/hu\\\/professzionalis-jogi-szolgaltatasok\\\/#breadcrumb\",\"itemListElement\":[{\"@type\":\"ListItem\",\"position\":1,\"name\":\"Home\",\"item\":\"https:\\\/\\\/hu.f-chain.com\\\/hu\\\/\"},{\"@type\":\"ListItem\",\"position\":2,\"name\":\"Professzion\u00e1lis jogi szolg\u00e1ltat\u00e1sok\"}]},{\"@type\":\"WebSite\",\"@id\":\"https:\\\/\\\/hu.f-chain.com\\\/#website\",\"url\":\"https:\\\/\\\/hu.f-chain.com\\\/\",\"name\":\"Fchain\",\"description\":\"\",\"potentialAction\":[{\"@type\":\"SearchAction\",\"target\":{\"@type\":\"EntryPoint\",\"urlTemplate\":\"https:\\\/\\\/hu.f-chain.com\\\/?s={search_term_string}\"},\"query-input\":{\"@type\":\"PropertyValueSpecification\",\"valueRequired\":true,\"valueName\":\"search_term_string\"}}],\"inLanguage\":\"hu\"}]}<\/script>\n<!-- \/ Yoast SEO plugin. -->","yoast_head_json":{"title":"Professzion\u00e1lis jogi szolg\u00e1ltat\u00e1sok - Fchain","description":"Professzion\u00e1lis jogi szolg\u00e1ltat\u00e1sok a Financial Chain Corporation-t\u0151l Magyarorsz\u00e1gon. F\u0151 el\u0151ny\u00fcnk a megb\u00edzhat\u00f3s\u00e1g, a rendelkez\u00e9sre \u00e1ll\u00e1s \u00e9s a t\u00f6rv\u00e9nyek ismerete","robots":{"index":"index","follow":"follow","max-snippet":"max-snippet:-1","max-image-preview":"max-image-preview:large","max-video-preview":"max-video-preview:-1"},"canonical":"https:\/\/hu.f-chain.com\/hu\/professzionalis-jogi-szolgaltatasok\/","og_locale":"hu_HU","og_type":"article","og_title":"Professzion\u00e1lis jogi szolg\u00e1ltat\u00e1sok - Fchain","og_description":"Professzion\u00e1lis jogi szolg\u00e1ltat\u00e1sok a Financial Chain Corporation-t\u0151l Magyarorsz\u00e1gon. F\u0151 el\u0151ny\u00fcnk a megb\u00edzhat\u00f3s\u00e1g, a rendelkez\u00e9sre \u00e1ll\u00e1s \u00e9s a t\u00f6rv\u00e9nyek ismerete","og_url":"https:\/\/hu.f-chain.com\/hu\/professzionalis-jogi-szolgaltatasok\/","og_site_name":"Fchain","twitter_card":"summary_large_image","twitter_misc":{"Becs\u00fclt olvas\u00e1si id\u0151":"3 perc"},"schema":{"@context":"https:\/\/schema.org","@graph":[{"@type":"WebPage","@id":"https:\/\/hu.f-chain.com\/hu\/professzionalis-jogi-szolgaltatasok\/","url":"https:\/\/hu.f-chain.com\/hu\/professzionalis-jogi-szolgaltatasok\/","name":"Professzion\u00e1lis jogi szolg\u00e1ltat\u00e1sok - Fchain","isPartOf":{"@id":"https:\/\/hu.f-chain.com\/#website"},"datePublished":"2025-05-26T01:30:29+00:00","description":"Professzion\u00e1lis jogi szolg\u00e1ltat\u00e1sok a Financial Chain Corporation-t\u0151l Magyarorsz\u00e1gon. F\u0151 el\u0151ny\u00fcnk a megb\u00edzhat\u00f3s\u00e1g, a rendelkez\u00e9sre \u00e1ll\u00e1s \u00e9s a t\u00f6rv\u00e9nyek ismerete","breadcrumb":{"@id":"https:\/\/hu.f-chain.com\/hu\/professzionalis-jogi-szolgaltatasok\/#breadcrumb"},"inLanguage":"hu","potentialAction":[{"@type":"ReadAction","target":["https:\/\/hu.f-chain.com\/hu\/professzionalis-jogi-szolgaltatasok\/"]}]},{"@type":"BreadcrumbList","@id":"https:\/\/hu.f-chain.com\/hu\/professzionalis-jogi-szolgaltatasok\/#breadcrumb","itemListElement":[{"@type":"ListItem","position":1,"name":"Home","item":"https:\/\/hu.f-chain.com\/hu\/"},{"@type":"ListItem","position":2,"name":"Professzion\u00e1lis jogi szolg\u00e1ltat\u00e1sok"}]},{"@type":"WebSite","@id":"https:\/\/hu.f-chain.com\/#website","url":"https:\/\/hu.f-chain.com\/","name":"Fchain","description":"","potentialAction":[{"@type":"SearchAction","target":{"@type":"EntryPoint","urlTemplate":"https:\/\/hu.f-chain.com\/?s={search_term_string}"},"query-input":{"@type":"PropertyValueSpecification","valueRequired":true,"valueName":"search_term_string"}}],"inLanguage":"hu"}]}},"_links":{"self":[{"href":"https:\/\/hu.f-chain.com\/hu\/wp-json\/wp\/v2\/pages\/9440","targetHints":{"allow":["GET"]}}],"collection":[{"href":"https:\/\/hu.f-chain.com\/hu\/wp-json\/wp\/v2\/pages"}],"about":[{"href":"https:\/\/hu.f-chain.com\/hu\/wp-json\/wp\/v2\/types\/page"}],"author":[{"embeddable":true,"href":"https:\/\/hu.f-chain.com\/hu\/wp-json\/wp\/v2\/users\/2"}],"replies":[{"embeddable":true,"href":"https:\/\/hu.f-chain.com\/hu\/wp-json\/wp\/v2\/comments?post=9440"}],"version-history":[{"count":1,"href":"https:\/\/hu.f-chain.com\/hu\/wp-json\/wp\/v2\/pages\/9440\/revisions"}],"predecessor-version":[{"id":9442,"href":"https:\/\/hu.f-chain.com\/hu\/wp-json\/wp\/v2\/pages\/9440\/revisions\/9442"}],"wp:attachment":[{"href":"https:\/\/hu.f-chain.com\/hu\/wp-json\/wp\/v2\/media?parent=9440"}],"curies":[{"name":"wp","href":"https:\/\/api.w.org\/{rel}","templated":true}]}}