{"id":9437,"date":"2025-05-26T04:23:52","date_gmt":"2025-05-26T01:23:52","guid":{"rendered":"https:\/\/hu.f-chain.com\/?page_id=9437"},"modified":"2025-05-26T04:23:52","modified_gmt":"2025-05-26T01:23:52","slug":"ifrs-magyarorszagon","status":"publish","type":"page","link":"https:\/\/hu.f-chain.com\/hu\/ifrs-magyarorszagon\/","title":{"rendered":"IFRS Magyarorsz\u00e1gon"},"content":{"rendered":"<div class=\"wpb-content-wrapper\"><p>[vc_row css_animation=&#8221;fadeInUp&#8221;][vc_column][vc_column_text css_animation=&#8221;fadeInDown&#8221;]<\/p>\n<h2><b>Professzion\u00e1lis IFRS tan\u00e1csad\u00e1s \u00e9s tan\u00e1csad\u00e1s<\/b><\/h2>\n<p><span style=\"font-weight: 400;\">A vezet\u0151 c\u00e9gek \u00fczleti tev\u00e9kenys\u00e9g\u00fck sor\u00e1n sz\u00fcks\u00e9gszer\u0171en betartj\u00e1k a nemzetk\u00f6zi szabv\u00e1nyokat a jelent\u00e9sek \u00e1tl\u00e1that\u00f3s\u00e1g\u00e1nak biztos\u00edt\u00e1sa \u00e9rdek\u00e9ben. A legt\u00f6bb v\u00e1llalat <\/span><b>IFRS-szolg\u00e1ltat\u00e1sok<\/b><span style=\"font-weight: 400;\"> ig\u00e9nybev\u00e9tel\u00e9vel biztos\u00edtja, hogy az \u00f6sszes sz\u00fcks\u00e9ges dokumentumot pontosan k\u00e9sz\u00edts\u00e9k el. Az FCHAIN \u00e1tfog\u00f3 tan\u00e1csad\u00e1si \u00e9s t\u00e1mogat\u00e1si szolg\u00e1ltat\u00e1sokat ny\u00fajt az <\/span><b>IFRS p\u00e9nz\u00fcgyi kimutat\u00e1sok<\/b><span style=\"font-weight: 400;\"> elk\u00e9sz\u00edt\u00e9s\u00e9hez, biztos\u00edtva az \u00f6sszes nemzetk\u00f6zi k\u00f6vetelm\u00e9nynek val\u00f3 megfelel\u00e9st.<\/span>[\/vc_column_text][\/vc_column][\/vc_row][vc_row content_placement=&#8221;middle&#8221; css_animation=&#8221;fadeInUp&#8221;][vc_column width=&#8221;1\/2&#8243;][vc_column_text css_animation=&#8221;fadeInLeft&#8221;]<\/p>\n<h2><b>Mi\u00e9rt v\u00e1lassza az FCHAIN IFRS szak\u00e9rt\u0151it?<\/b><\/h2>\n<p><span style=\"font-weight: 400;\">A megb\u00edzhat\u00f3 partner kiv\u00e1laszt\u00e1sa <\/span><b>IFRS megfelel\u00e9s Magyarorsz\u00e1g<\/b><span style=\"font-weight: 400;\"> kulcsszerepet j\u00e1tszik egy v\u00e1llalat siker\u00e9ben. Az FCHAIN tapasztalattal rendelkezik a nemzetk\u00f6zi v\u00e1llalatokkal val\u00f3 egy\u00fcttm\u0171k\u00f6d\u00e9sben, \u00e9s szak\u00e9rt\u0151i <\/span><b>IFRS-tan\u00e1csad\u00e1si<\/b><span style=\"font-weight: 400;\"> szolg\u00e1ltat\u00e1sokat ny\u00fajt. Egy\u00e9ni strat\u00e9gi\u00e1kat dolgozunk ki az <\/span><b>IFRS sz\u00e1mvitel Magyarorsz\u00e1g<\/b><span style=\"font-weight: 400;\"> \u00e1t\u00e1ll\u00e1sra, elemezz\u00fck a jelenlegi p\u00e9nz\u00fcgyi kimutat\u00e1sokat, \u00e9s a leghat\u00e9konyabb megold\u00e1sokat k\u00edn\u00e1ljuk az \u00fczleti alkalmazkod\u00e1shoz. A vel\u00fcnk val\u00f3 egy\u00fcttm\u0171k\u00f6d\u00e9s lehet\u0151v\u00e9 teszi a <\/span><b>Nemzetk\u00f6zi P\u00e9nz\u00fcgyi Besz\u00e1mol\u00e1si Standardok<\/b><span style=\"font-weight: 400;\"> k\u00f6vetelm\u00e9nyeinek val\u00f3 megfelel\u00e9st \u00e9s a v\u00e1llalat p\u00e9nz\u00fcgyi \u00e1tl\u00e1that\u00f3s\u00e1g\u00e1nak n\u00f6vel\u00e9s\u00e9t.<\/span><\/p>\n<h3><b>\u00c1tfog\u00f3 sz\u00e1mviteli helyre\u00e1ll\u00edt\u00e1si megold\u00e1sok<\/b><\/h3>\n<p><span style=\"font-weight: 400;\">A <\/span><b>v\u00e1llalkoz\u00e1sok IFRS p\u00e9nz\u00fcgyi besz\u00e1mol\u00f3j\u00e1ra val\u00f3 felk\u00e9sz\u00fcl\u00e9s<\/b><span style=\"font-weight: 400;\"> egyik fontos l\u00e9p\u00e9se a sz\u00e1mviteli nyilv\u00e1ntart\u00e1sok helyre\u00e1ll\u00edt\u00e1sa. Mi biztos\u00edtjuk:<\/span><\/p>\n<ul>\n<li style=\"font-weight: 400;\" aria-level=\"1\"><span style=\"font-weight: 400;\">a sz\u00e1mviteli adatok elemz\u00e9se \u00e9s helyre\u00e1ll\u00edt\u00e1sa;<\/span><\/li>\n<li style=\"font-weight: 400;\" aria-level=\"1\"><span style=\"font-weight: 400;\">a v\u00e1llalat sz\u00e1mviteli politik\u00e1j\u00e1nak optimaliz\u00e1l\u00e1sa;<\/span><\/li>\n<li style=\"font-weight: 400;\" aria-level=\"1\"><span style=\"font-weight: 400;\">a <\/span><b>v\u00e1llalati p\u00e9nz\u00fcgyi besz\u00e1mol\u00f3<\/b><span style=\"font-weight: 400;\"> elk\u00e9sz\u00edt\u00e9se az <\/span><b>IFRS besz\u00e1mol\u00f3<\/b><span style=\"font-weight: 400;\"> k\u00f6vetelm\u00e9nyeinek megfelel\u0151en.<\/span><\/li>\n<\/ul>\n<p><b>IFRS szolg\u00e1ltat\u00e1saink Budapest <\/b><span style=\"font-weight: 400;\">magas sz\u00ednvonal\u00fa k\u00f6nyvel\u0151i behajt\u00e1st \u00e9s seg\u00edts\u00e9get ny\u00fajtanak a k\u00f6nyvel\u00e9s elk\u00e9sz\u00edt\u00e9s\u00e9ben.<\/span>[\/vc_column_text][\/vc_column][vc_column width=&#8221;1\/2&#8243;][vc_single_image image=&#8221;554&#8243; img_size=&#8221;full&#8221;][\/vc_column][\/vc_row][vc_row content_placement=&#8221;middle&#8221; css_animation=&#8221;fadeInUp&#8221;][vc_column width=&#8221;1\/2&#8243;][vc_single_image image=&#8221;687&#8243; img_size=&#8221;full&#8221;][\/vc_column][vc_column width=&#8221;1\/2&#8243;][vc_column_text css_animation=&#8221;fadeInRight&#8221;]<\/p>\n<h2><b>IFRS p\u00e9nz\u00fcgyi besz\u00e1mol\u00e1si \u00e9s megfelel\u00e9si megold\u00e1sok<\/b><\/h2>\n<p><span style=\"font-weight: 400;\">A nemzetk\u00f6zi p\u00e9nz\u00fcgyi besz\u00e1mol\u00e1sra val\u00f3 \u00e1tt\u00e9r\u00e9s minden szempont r\u00e9szletes kidolgoz\u00e1s\u00e1t \u00e9s szakmai szolg\u00e1ltat\u00e1sokat ig\u00e9nyel a p\u00e9nz\u00fcgyi kimutat\u00e1sok standardoknak megfelel\u0151 elk\u00e9sz\u00edt\u00e9s\u00e9hez \u00e9s \u00e1talak\u00edt\u00e1s\u00e1hoz.<\/span><\/p>\n<h3><b>Hogyan seg\u00edt\u00fcnk az IFRS bevezet\u00e9s\u00e9ben a helyi \u00e9s nemzetk\u00f6zi v\u00e1llalkoz\u00e1soknak?<\/b><\/h3>\n<p><span style=\"font-weight: 400;\">A bevezet\u00e9si folyamat <\/span><b>Nemzetk\u00f6zi P\u00e9nz\u00fcgyi Besz\u00e1mol\u00e1si Standardok Magyarorsz\u00e1g<\/b><span style=\"font-weight: 400;\"> t\u00f6bb szakaszb\u00f3l \u00e1ll, amelyek mindegyike saj\u00e1tos megk\u00f6zel\u00edt\u00e9st ig\u00e9nyel. Az FCHAIN az <\/span><b>IFRS szolg\u00e1ltat\u00e1sok<\/b><span style=\"font-weight: 400;\"> ny\u00fajt\u00e1sa sor\u00e1n v\u00e9gigk\u00eds\u00e9ri az \u00fcgyfeleket a nemzetk\u00f6zi standardokra val\u00f3 \u00e1tt\u00e9r\u00e9s \u00e9s az <\/span><b>IFRS p\u00e9nz\u00fcgyi besz\u00e1mol\u00e1si <\/b><span style=\"font-weight: 400;\">k\u00f6vetelm\u00e9nyeknek val\u00f3 teljes megfelel\u00e9s minden szakasz\u00e1n. Nemzetk\u00f6zi \u00e9s helyi v\u00e1llalatok sz\u00e1m\u00e1ra ny\u00fajtunk <\/span><b>IFRS tan\u00e1csad\u00e1si szolg\u00e1ltat\u00e1sokat Budapest, Magyarorsz\u00e1g<\/b><span style=\"font-weight: 400;\">, biztos\u00edtva a sikeres integr\u00e1ci\u00f3t az \u00fczleti folyamatokba \u00e9s <\/span><b>IFRS megfelel\u00e9s<\/b><span style=\"font-weight: 400;\">.<\/span>[\/vc_column_text][\/vc_column][\/vc_row][vc_row content_placement=&#8221;middle&#8221; css_animation=&#8221;fadeInUp&#8221;][vc_column width=&#8221;1\/2&#8243;][vc_column_text css_animation=&#8221;fadeInLeft&#8221;]<\/p>\n<h2><b>\u00c1t\u00e1ll\u00e1s a magyar GAAP-r\u00f3l az IFRS-re<\/b><\/h2>\n<p><span style=\"font-weight: 400;\">Sok v\u00e1llalatnak kih\u00edv\u00e1sokkal kell szemben\u00e9znie a magyar GAAP-r\u00f3l az <\/span><b>IFRS-ek szerinti <\/b><span style=\"font-weight: 400;\">besz\u00e1mol\u00e1sra val\u00f3 \u00e1tt\u00e9r\u00e9s sor\u00e1n. Az szolg\u00e1ltat\u00e1sok ny\u00fajt\u00e1sa sor\u00e1n az<\/span> <span style=\"font-weight: 400;\">FCHAIN<\/span><b> IFRS Budapesten alaposan<\/b><span style=\"font-weight: 400;\"> elemzi a p\u00e9nz\u00fcgyi adatokat, \u00e9s strat\u00e9gi\u00e1kat dolgoz ki a nemzetk\u00f6zi szabv\u00e1nyokhoz val\u00f3 igaz\u00edt\u00e1sukra. Seg\u00edt\u00fcnk \u00fcgyfeleinknek a <\/span><b>magyar GAAP \u00e9s IFRS k\u00f6z\u00f6tti k\u00fcl\u00f6nbs\u00e9gek<\/b><span style=\"font-weight: 400;\"> probl\u00e9m\u00e1inak megold\u00e1s\u00e1ban, \u00e9s garant\u00e1ljuk a szabv\u00e1nyoknak val\u00f3 megfelel\u00e9st.<\/span><\/p>\n<h3><b>IFRS k\u00f6nyvvizsg\u00e1lat el\u0151k\u00e9sz\u00edt\u00e9se \u00e9s p\u00e9nz\u00fcgyi kimutat\u00e1sok kiigaz\u00edt\u00e1sa<\/b><\/h3>\n<p><b>IFRS audit\u00e1l\u00e1s t\u00e1mogat\u00e1sa<\/b><span style=\"font-weight: 400;\"> \u00e9s teljes k\u00f6r\u0171 t\u00e1mogat\u00e1st ny\u00fajtunk <\/span><b>IFRS tan\u00e1csad\u00e1s Budapest, Magyarorsz\u00e1g<\/b><span style=\"font-weight: 400;\">, seg\u00edt\u00fcnk \u00d6nnek sikeresen alkalmazkodni az \u00faj k\u00f6vetelm\u00e9nyekhez az <\/span><b>IFRS megfelel\u00e9s<\/b><span style=\"font-weight: 400;\"> minden ter\u00fclet\u00e9n. Vegye fel vel\u00fcnk a kapcsolatot, \u00e9s vegye ig\u00e9nybe az <\/span><b>IFRS szolg\u00e1ltat\u00e1sok<\/b><span style=\"font-weight: 400;\"> teljes k\u00f6r\u00e9t.<\/span>[\/vc_column_text][\/vc_column][vc_column width=&#8221;1\/2&#8243;][vc_single_image image=&#8221;226&#8243; img_size=&#8221;full&#8221;][\/vc_column][\/vc_row]<\/p>\n<\/div>","protected":false},"excerpt":{"rendered":"<p>[vc_row css_animation=&#8221;fadeInUp&#8221;][vc_column][vc_column_text css_animation=&#8221;fadeInDown&#8221;] Professzion\u00e1lis IFRS tan\u00e1csad\u00e1s \u00e9s tan\u00e1csad\u00e1s A vezet\u0151 c\u00e9gek \u00fczleti tev\u00e9kenys\u00e9g\u00fck sor\u00e1n sz\u00fcks\u00e9gszer\u0171en betartj\u00e1k a nemzetk\u00f6zi szabv\u00e1nyokat a jelent\u00e9sek \u00e1tl\u00e1that\u00f3s\u00e1g\u00e1nak biztos\u00edt\u00e1sa \u00e9rdek\u00e9ben. A legt\u00f6bb v\u00e1llalat IFRS-szolg\u00e1ltat\u00e1sok ig\u00e9nybev\u00e9tel\u00e9vel biztos\u00edtja, hogy az \u00f6sszes sz\u00fcks\u00e9ges dokumentumot pontosan k\u00e9sz\u00edts\u00e9k el. Az FCHAIN \u00e1tfog\u00f3 tan\u00e1csad\u00e1si \u00e9s t\u00e1mogat\u00e1si szolg\u00e1ltat\u00e1sokat ny\u00fajt az IFRS p\u00e9nz\u00fcgyi kimutat\u00e1sok elk\u00e9sz\u00edt\u00e9s\u00e9hez, biztos\u00edtva az \u00f6sszes nemzetk\u00f6zi<\/p>\n","protected":false},"author":2,"featured_media":0,"parent":0,"menu_order":0,"comment_status":"closed","ping_status":"closed","template":"","meta":{"_acf_changed":false,"footnotes":""},"class_list":["post-9437","page","type-page","status-publish","hentry"],"acf":[],"yoast_head":"<!-- This site is optimized with the Yoast SEO plugin v27.3 - https:\/\/yoast.com\/product\/yoast-seo-wordpress\/ -->\n<title>IFRS Magyarorsz\u00e1gon - Fchain<\/title>\n<meta name=\"description\" content=\"Az FCHAIN \u200b\u200bszakemberei seg\u00edtenek \u00d6nnek abban, hogy p\u00e9nz\u00fcgyi jelent\u00e9s\u00e9t a nemzetk\u00f6zi p\u00e9nz\u00fcgyi besz\u00e1mol\u00e1si szabv\u00e1nyokhoz igaz\u00edtsa\" \/>\n<meta name=\"robots\" content=\"index, follow, max-snippet:-1, max-image-preview:large, max-video-preview:-1\" \/>\n<link rel=\"canonical\" href=\"https:\/\/hu.f-chain.com\/hu\/ifrs-magyarorszagon\/\" \/>\n<meta property=\"og:locale\" content=\"hu_HU\" \/>\n<meta property=\"og:type\" content=\"article\" \/>\n<meta property=\"og:title\" content=\"IFRS Magyarorsz\u00e1gon - Fchain\" \/>\n<meta property=\"og:description\" content=\"Az FCHAIN \u200b\u200bszakemberei seg\u00edtenek \u00d6nnek abban, hogy p\u00e9nz\u00fcgyi jelent\u00e9s\u00e9t a nemzetk\u00f6zi p\u00e9nz\u00fcgyi besz\u00e1mol\u00e1si szabv\u00e1nyokhoz igaz\u00edtsa\" \/>\n<meta property=\"og:url\" content=\"https:\/\/hu.f-chain.com\/hu\/ifrs-magyarorszagon\/\" \/>\n<meta property=\"og:site_name\" content=\"Fchain\" \/>\n<meta name=\"twitter:card\" content=\"summary_large_image\" \/>\n<meta name=\"twitter:label1\" content=\"Becs\u00fclt olvas\u00e1si id\u0151\" \/>\n\t<meta name=\"twitter:data1\" content=\"3 perc\" \/>\n<script type=\"application\/ld+json\" class=\"yoast-schema-graph\">{\"@context\":\"https:\\\/\\\/schema.org\",\"@graph\":[{\"@type\":\"WebPage\",\"@id\":\"https:\\\/\\\/hu.f-chain.com\\\/hu\\\/ifrs-magyarorszagon\\\/\",\"url\":\"https:\\\/\\\/hu.f-chain.com\\\/hu\\\/ifrs-magyarorszagon\\\/\",\"name\":\"IFRS Magyarorsz\u00e1gon - Fchain\",\"isPartOf\":{\"@id\":\"https:\\\/\\\/hu.f-chain.com\\\/#website\"},\"datePublished\":\"2025-05-26T01:23:52+00:00\",\"description\":\"Az FCHAIN \u200b\u200bszakemberei seg\u00edtenek \u00d6nnek abban, hogy p\u00e9nz\u00fcgyi jelent\u00e9s\u00e9t a nemzetk\u00f6zi p\u00e9nz\u00fcgyi besz\u00e1mol\u00e1si szabv\u00e1nyokhoz igaz\u00edtsa\",\"breadcrumb\":{\"@id\":\"https:\\\/\\\/hu.f-chain.com\\\/hu\\\/ifrs-magyarorszagon\\\/#breadcrumb\"},\"inLanguage\":\"hu\",\"potentialAction\":[{\"@type\":\"ReadAction\",\"target\":[\"https:\\\/\\\/hu.f-chain.com\\\/hu\\\/ifrs-magyarorszagon\\\/\"]}]},{\"@type\":\"BreadcrumbList\",\"@id\":\"https:\\\/\\\/hu.f-chain.com\\\/hu\\\/ifrs-magyarorszagon\\\/#breadcrumb\",\"itemListElement\":[{\"@type\":\"ListItem\",\"position\":1,\"name\":\"Home\",\"item\":\"https:\\\/\\\/hu.f-chain.com\\\/hu\\\/\"},{\"@type\":\"ListItem\",\"position\":2,\"name\":\"IFRS Magyarorsz\u00e1gon\"}]},{\"@type\":\"WebSite\",\"@id\":\"https:\\\/\\\/hu.f-chain.com\\\/#website\",\"url\":\"https:\\\/\\\/hu.f-chain.com\\\/\",\"name\":\"Fchain\",\"description\":\"\",\"potentialAction\":[{\"@type\":\"SearchAction\",\"target\":{\"@type\":\"EntryPoint\",\"urlTemplate\":\"https:\\\/\\\/hu.f-chain.com\\\/?s={search_term_string}\"},\"query-input\":{\"@type\":\"PropertyValueSpecification\",\"valueRequired\":true,\"valueName\":\"search_term_string\"}}],\"inLanguage\":\"hu\"}]}<\/script>\n<!-- \/ Yoast SEO plugin. -->","yoast_head_json":{"title":"IFRS Magyarorsz\u00e1gon - Fchain","description":"Az FCHAIN \u200b\u200bszakemberei seg\u00edtenek \u00d6nnek abban, hogy p\u00e9nz\u00fcgyi jelent\u00e9s\u00e9t a nemzetk\u00f6zi p\u00e9nz\u00fcgyi besz\u00e1mol\u00e1si szabv\u00e1nyokhoz igaz\u00edtsa","robots":{"index":"index","follow":"follow","max-snippet":"max-snippet:-1","max-image-preview":"max-image-preview:large","max-video-preview":"max-video-preview:-1"},"canonical":"https:\/\/hu.f-chain.com\/hu\/ifrs-magyarorszagon\/","og_locale":"hu_HU","og_type":"article","og_title":"IFRS Magyarorsz\u00e1gon - Fchain","og_description":"Az FCHAIN \u200b\u200bszakemberei seg\u00edtenek \u00d6nnek abban, hogy p\u00e9nz\u00fcgyi jelent\u00e9s\u00e9t a nemzetk\u00f6zi p\u00e9nz\u00fcgyi besz\u00e1mol\u00e1si szabv\u00e1nyokhoz igaz\u00edtsa","og_url":"https:\/\/hu.f-chain.com\/hu\/ifrs-magyarorszagon\/","og_site_name":"Fchain","twitter_card":"summary_large_image","twitter_misc":{"Becs\u00fclt olvas\u00e1si id\u0151":"3 perc"},"schema":{"@context":"https:\/\/schema.org","@graph":[{"@type":"WebPage","@id":"https:\/\/hu.f-chain.com\/hu\/ifrs-magyarorszagon\/","url":"https:\/\/hu.f-chain.com\/hu\/ifrs-magyarorszagon\/","name":"IFRS Magyarorsz\u00e1gon - Fchain","isPartOf":{"@id":"https:\/\/hu.f-chain.com\/#website"},"datePublished":"2025-05-26T01:23:52+00:00","description":"Az FCHAIN \u200b\u200bszakemberei seg\u00edtenek \u00d6nnek abban, hogy p\u00e9nz\u00fcgyi jelent\u00e9s\u00e9t a nemzetk\u00f6zi p\u00e9nz\u00fcgyi besz\u00e1mol\u00e1si szabv\u00e1nyokhoz igaz\u00edtsa","breadcrumb":{"@id":"https:\/\/hu.f-chain.com\/hu\/ifrs-magyarorszagon\/#breadcrumb"},"inLanguage":"hu","potentialAction":[{"@type":"ReadAction","target":["https:\/\/hu.f-chain.com\/hu\/ifrs-magyarorszagon\/"]}]},{"@type":"BreadcrumbList","@id":"https:\/\/hu.f-chain.com\/hu\/ifrs-magyarorszagon\/#breadcrumb","itemListElement":[{"@type":"ListItem","position":1,"name":"Home","item":"https:\/\/hu.f-chain.com\/hu\/"},{"@type":"ListItem","position":2,"name":"IFRS Magyarorsz\u00e1gon"}]},{"@type":"WebSite","@id":"https:\/\/hu.f-chain.com\/#website","url":"https:\/\/hu.f-chain.com\/","name":"Fchain","description":"","potentialAction":[{"@type":"SearchAction","target":{"@type":"EntryPoint","urlTemplate":"https:\/\/hu.f-chain.com\/?s={search_term_string}"},"query-input":{"@type":"PropertyValueSpecification","valueRequired":true,"valueName":"search_term_string"}}],"inLanguage":"hu"}]}},"_links":{"self":[{"href":"https:\/\/hu.f-chain.com\/hu\/wp-json\/wp\/v2\/pages\/9437","targetHints":{"allow":["GET"]}}],"collection":[{"href":"https:\/\/hu.f-chain.com\/hu\/wp-json\/wp\/v2\/pages"}],"about":[{"href":"https:\/\/hu.f-chain.com\/hu\/wp-json\/wp\/v2\/types\/page"}],"author":[{"embeddable":true,"href":"https:\/\/hu.f-chain.com\/hu\/wp-json\/wp\/v2\/users\/2"}],"replies":[{"embeddable":true,"href":"https:\/\/hu.f-chain.com\/hu\/wp-json\/wp\/v2\/comments?post=9437"}],"version-history":[{"count":1,"href":"https:\/\/hu.f-chain.com\/hu\/wp-json\/wp\/v2\/pages\/9437\/revisions"}],"predecessor-version":[{"id":9439,"href":"https:\/\/hu.f-chain.com\/hu\/wp-json\/wp\/v2\/pages\/9437\/revisions\/9439"}],"wp:attachment":[{"href":"https:\/\/hu.f-chain.com\/hu\/wp-json\/wp\/v2\/media?parent=9437"}],"curies":[{"name":"wp","href":"https:\/\/api.w.org\/{rel}","templated":true}]}}