{"id":9431,"date":"2025-05-26T03:35:25","date_gmt":"2025-05-26T00:35:25","guid":{"rendered":"https:\/\/hu.f-chain.com\/?page_id=9431"},"modified":"2025-05-26T03:35:25","modified_gmt":"2025-05-26T00:35:25","slug":"szamviteli-szaktanacsadas","status":"publish","type":"page","link":"https:\/\/hu.f-chain.com\/hu\/szamviteli-szaktanacsadas\/","title":{"rendered":"Sz\u00e1mviteli szaktan\u00e1csad\u00e1s"},"content":{"rendered":"<div class=\"wpb-content-wrapper\"><p>[vc_row css_animation=&#8221;fadeInUp&#8221;][vc_column][vc_column_text css_animation=&#8221;fadeInDown&#8221;]<\/p>\n<h2>Sz\u00e1mviteli szaktan\u00e1csad\u00e1s Magyarorsz\u00e1gon<\/h2>\n<p>Magyarorsz\u00e1g egy progressz\u00edv orsz\u00e1g, ahol sz\u00e1mos k\u00fcl\u00f6nb\u00f6z\u0151 v\u00e1llalat m\u0171k\u00f6dik. Sok \u00fczletember szeretne Magyarorsz\u00e1gon c\u00e9get nyitni. De tiszt\u00e1ban kell lenni azzal, hogy az ottani sz\u00e1mviteli rendszer m\u00e1sk\u00e9pp m\u0171k\u00f6dik. \u00c9s nagyon neh\u00e9z lesz mindent egyed\u00fcl megoldani. Ez\u00e9rt j\u00f3 megold\u00e1s lenne, ha seg\u00edts\u00e9get k\u00e9rne az FCHAIN \u2013 az egyik legjobb c\u00e9gt\u0151l, amely min\u0151s\u00e9gi (k\u00f6nyvel\u00e9si tan\u00e1csad\u00e1si szolg\u00e1ltat\u00e1sokat ny\u00fajt).[\/vc_column_text][\/vc_column][\/vc_row][vc_row content_placement=&#8221;middle&#8221; css_animation=&#8221;fadeInUp&#8221;][vc_column width=&#8221;1\/2&#8243;][vc_column_text css_animation=&#8221;fadeInLeft&#8221;]<\/p>\n<h2>Hogyan v\u00e1lasszunk k\u00f6nyvel\u00e9si tan\u00e1csad\u00f3t<\/h2>\n<p><b>Sz\u00e1mviteli tan\u00e1csad\u00e1s <\/b><span style=\"font-weight: 400;\">\u2013 a v\u00e1llalkoz\u00e1sok sz\u00e1m\u00e1ra ny\u00fajtott, a sz\u00e1mvitelhez kapcsol\u00f3d\u00f3 szolg\u00e1ltat\u00e1sok: dokument\u00e1ci\u00f3, sz\u00e1mvitelszervez\u00e9s stb.<\/span><\/p>\n<p><span style=\"font-weight: 400;\">Az FCHA\u0130N egy olyan c\u00e9g, amely <\/span><b>sz\u00e1mviteli tan\u00e1csad\u00e1si szolg\u00e1ltat\u00e1sokat ny\u00fajt Magyarorsz\u00e1gon<\/b><span style=\"font-weight: 400;\"> \u00e9s m\u00e1s orsz\u00e1gokban, seg\u00edt \u00d6nnek abban, hogy v\u00e1llalkoz\u00e1sait hozz\u00e1\u00e9rt\u0151en m\u0171k\u00f6dtesse. Ha kapcsolatba l\u00e9p vel\u00fcnk, szak\u00e9rt\u0151i szolg\u00e1ltat\u00e1sokat kap <\/span><b>\u00fczleti sz\u00e1mviteli tan\u00e1csad\u00e1s<\/b><span style=\"font-weight: 400;\">, amelyek lehet\u0151v\u00e9 teszik, hogy hat\u00e9konyabban m\u0171k\u00f6dtesse v\u00e1llalkoz\u00e1s\u00e1t.<\/span>[\/vc_column_text][\/vc_column][vc_column width=&#8221;1\/2&#8243;][vc_single_image image=&#8221;1083&#8243; img_size=&#8221;full&#8221;][\/vc_column][\/vc_row][vc_row content_placement=&#8221;middle&#8221; css_animation=&#8221;fadeInUp&#8221;][vc_column width=&#8221;1\/2&#8243;][vc_single_image image=&#8221;5157&#8243; img_size=&#8221;full&#8221;][\/vc_column][vc_column width=&#8221;1\/2&#8243;][vc_column_text css_animation=&#8221;fadeInRight&#8221;]<\/p>\n<h3>K\u00f6nyvel\u00e9si \u00e9s b\u00e9rsz\u00e1mfejt\u00e9si tan\u00e1csad\u00e1s<\/h3>\n<p><span style=\"font-weight: 400;\">A k\u00f6nyvel\u00e9s a p\u00e9nz\u00fcgyek teljes k\u00f6r\u0171 kezel\u00e9s\u00e9t, a b\u00e9rsz\u00e1mfejt\u00e9st jelenti. A magyarorsz\u00e1gi k\u00f6nyvel\u00e9s saj\u00e1toss\u00e1gai jelent\u0151sen elt\u00e9rnek m\u00e1s orsz\u00e1gok\u00e9t\u00f3l, de az FCHA\u0130N k\u00e9szs\u00e9ggel ny\u00fajtja szolg\u00e1ltat\u00e1sait, seg\u00edt a besz\u00e1mol\u00f3k, szerz\u0151d\u00e9sek elk\u00e9sz\u00edt\u00e9s\u00e9ben, <\/span><b>p\u00e9nz\u00fcgyi tan\u00e1csad\u00e1sban<\/b><span style=\"font-weight: 400;\">.<\/span><\/p>\n<p><span style=\"font-weight: 400;\">A helyes b\u00e9rsz\u00e1mfejt\u00e9s a sikeres v\u00e1llalkoz\u00e1s egyik alapja, hiszen a dolgoz\u00f3kat folyamatosan motiv\u00e1lni kell. Annak k\u00f6sz\u00f6nhet\u0151en, hogy az FCHA\u0130N kompetens <\/span><b>b\u00e9rsz\u00e1mfejt\u00e9si tan\u00e1csad\u00e1s Budapesten<\/b><span style=\"font-weight: 400;\">, nem lesz probl\u00e9ma a b\u00e9rsz\u00e1mfejt\u00e9ssel.<\/span>[\/vc_column_text][\/vc_column][\/vc_row][vc_row content_placement=&#8221;middle&#8221; css_animation=&#8221;fadeInUp&#8221;][vc_column width=&#8221;1\/2&#8243;][vc_column_text css_animation=&#8221;fadeInLeft&#8221;]<\/p>\n<h2>\u00c1tfog\u00f3 p\u00e9nz\u00fcgyi tan\u00e1csad\u00e1s v\u00e1llalkoz\u00e1sok sz\u00e1m\u00e1ra<\/h2>\n<p><span style=\"font-weight: 400;\">P\u00e9nz\u00fcgyi tan\u00e1csad\u00e1s <\/span><span style=\"font-weight: 400;\">\u2013 a v\u00e1llalat p\u00e9nzeszk\u00f6zeinek szakszer\u0171 kezel\u00e9s\u00e9vel kapcsolatos szolg\u00e1ltat\u00e1sok \u00f6sszess\u00e9ge.<\/span><\/p>\n<p><span style=\"font-weight: 400;\">A p\u00e9nz\u00fcgyi tan\u00e1csad\u00e1s f\u0151 szakaszai:<\/span><\/p>\n<ol>\n<li style=\"font-weight: 400;\" aria-level=\"1\"><span style=\"font-weight: 400;\">Analitika. Inform\u00e1ci\u00f3kkal, statisztik\u00e1kkal val\u00f3 munka, p\u00e9nz\u00fcgyi dokument\u00e1ci\u00f3 tanulm\u00e1nyoz\u00e1sa, sz\u00e1mviteli tev\u00e9kenys\u00e9gek elemz\u00e9se.<\/span><\/li>\n<li style=\"font-weight: 400;\" aria-level=\"1\"><span style=\"font-weight: 400;\">Konzult\u00e1ci\u00f3. A projekt megvitat\u00e1sa, javaslatok a lehets\u00e9ges v\u00e1ltoztat\u00e1sokra.<\/span><\/li>\n<li style=\"font-weight: 400;\" aria-level=\"1\"><span style=\"font-weight: 400;\">Az \u00f6tletek megval\u00f3s\u00edt\u00e1sa. Terv k\u00e9sz\u00edt\u00e9se a tov\u00e1bbi munk\u00e1ra, optimaliz\u00e1l\u00e1sra.<\/span><\/li>\n<\/ol>\n<p><span style=\"font-weight: 400;\">Sz\u00e1mviteli tan\u00e1csad\u00e1si szolg\u00e1ltat\u00e1sok <\/span><span style=\"font-weight: 400;\">seg\u00edt a v\u00e1llalkoz\u00e1soknak a sikeres n\u00f6veked\u00e9sben.<\/span><\/p>\n<h3>Egyedi sz\u00e1mviteli megold\u00e1sok v\u00e1llalatok sz\u00e1m\u00e1ra<\/h3>\n<p><span style=\"font-weight: 400;\">Az FCHA\u0130N minden v\u00e1llalat sz\u00e1m\u00e1ra szem\u00e9lyre szabott megold\u00e1sokat k\u00edn\u00e1l, az \u00fczleti tev\u00e9kenys\u00e9g saj\u00e1toss\u00e1gait\u00f3l f\u00fcgg\u0151en. A munkajog, az ad\u00f3sz\u00e1mvitel \u00e9s m\u00e1s ter\u00fcletek szak\u00e9rt\u0151i seg\u00edtenek \u00d6nnek probl\u00e9m\u00e1i megold\u00e1s\u00e1ban.<\/span>[\/vc_column_text][\/vc_column][vc_column width=&#8221;1\/2&#8243;][vc_single_image image=&#8221;578&#8243; img_size=&#8221;full&#8221;][\/vc_column][\/vc_row][vc_row css_animation=&#8221;fadeInUp&#8221;][vc_column][vc_column_text css_animation=&#8221;fadeInUp&#8221;]<\/p>\n<h2>Professzion\u00e1lis ad\u00f3- \u00e9s sz\u00e1mviteli tan\u00e1csad\u00e1s Budapesten<\/h2>\n<p>A sikeres budapesti v\u00e1llalkoz\u00e1shoz elengedhetetlen a szakmai tan\u00e1csad\u00e1s. Ide tartozik a p\u00e9nz\u00fcgyi jelent\u00e9sek elk\u00e9sz\u00edt\u00e9se az ad\u00f3hat\u00f3s\u00e1g sz\u00e1m\u00e1ra \u00e9s a dokument\u00e1ci\u00f3 vezet\u00e9se &#8211; minden, ami a k\u00f6nyvel\u00e9ssel kapcsolatos.<\/p>\n<h3>FCHAIN legjobb sz\u00e1mviteli tan\u00e1csad\u00f3k<\/h3>\n<p><span style=\"font-weight: 400;\">Az FCHA\u0130N kompetens <\/span><b>\u00fczleti p\u00e9nz\u00fcgyi tan\u00e1csad\u00e1st<\/b><span style=\"font-weight: 400;\"> ny\u00fajt Magyarorsz\u00e1gon \u00e9s m\u00e1s orsz\u00e1gokban. A munka megkezd\u00e9se el\u0151tt a tan\u00e1csad\u00f3k megtal\u00e1lj\u00e1k az \u00fcgyfelekhez val\u00f3 k\u00f6zeled\u00e9st, \u00e9s megismerkednek a v\u00e1llalat saj\u00e1toss\u00e1gaival.<\/span><\/p>\n<p><span style=\"font-weight: 400;\">A tan\u00e1csad\u00f3k rendszeresen k\u00e9pzik magukat, megtanulj\u00e1k a k\u00f6nyvel\u00e9s \u00faj finoms\u00e1gait. A c\u00e9ggel val\u00f3 egy\u00fcttm\u0171k\u00f6d\u00e9s megkezd\u00e9s\u00e9hez szerz\u0151d\u00e9s megk\u00f6t\u00e9s\u00e9re van sz\u00fcks\u00e9g, amely minden \u00e1rnyalatot \u00e9s k\u00f6lts\u00e9get r\u00e9szletez.<\/span>[\/vc_column_text][\/vc_column][\/vc_row]<\/p>\n<\/div>","protected":false},"excerpt":{"rendered":"<p>[vc_row css_animation=&#8221;fadeInUp&#8221;][vc_column][vc_column_text css_animation=&#8221;fadeInDown&#8221;] Sz\u00e1mviteli szaktan\u00e1csad\u00e1s Magyarorsz\u00e1gon Magyarorsz\u00e1g egy progressz\u00edv orsz\u00e1g, ahol sz\u00e1mos k\u00fcl\u00f6nb\u00f6z\u0151 v\u00e1llalat m\u0171k\u00f6dik. Sok \u00fczletember szeretne Magyarorsz\u00e1gon c\u00e9get nyitni. De tiszt\u00e1ban kell lenni azzal, hogy az ottani sz\u00e1mviteli rendszer m\u00e1sk\u00e9pp m\u0171k\u00f6dik. \u00c9s nagyon neh\u00e9z lesz mindent egyed\u00fcl megoldani. Ez\u00e9rt j\u00f3 megold\u00e1s lenne, ha seg\u00edts\u00e9get k\u00e9rne az FCHAIN \u2013 az egyik legjobb c\u00e9gt\u0151l, amely<\/p>\n","protected":false},"author":2,"featured_media":0,"parent":0,"menu_order":0,"comment_status":"closed","ping_status":"closed","template":"","meta":{"_acf_changed":false,"footnotes":""},"class_list":["post-9431","page","type-page","status-publish","hentry"],"acf":[],"yoast_head":"<!-- This site is optimized with the Yoast SEO plugin v27.3 - https:\/\/yoast.com\/product\/yoast-seo-wordpress\/ -->\n<title>Sz\u00e1mviteli szaktan\u00e1csad\u00e1s - Fchain<\/title>\n<meta name=\"description\" content=\"Tan\u00e1csad\u00f3 szolg\u00e1ltat\u00e1sok Magyarorsz\u00e1gon\u2b50\ufe0f hat\u00e9kony seg\u00edts\u00e9g az \u00d6n v\u00e1llalkoz\u00e1s\u00e1nak. P\u00e9nz\u00fcgyi \u00e9s vezet\u00e9si tan\u00e1csad\u00e1s, outsourcing \u00e9s sz\u00e1mviteli seg\u00edts\u00e9gny\u00fajt\u00e1s\" \/>\n<meta name=\"robots\" content=\"index, follow, max-snippet:-1, max-image-preview:large, max-video-preview:-1\" \/>\n<link rel=\"canonical\" href=\"https:\/\/hu.f-chain.com\/hu\/szamviteli-szaktanacsadas\/\" \/>\n<meta property=\"og:locale\" content=\"hu_HU\" \/>\n<meta property=\"og:type\" content=\"article\" \/>\n<meta property=\"og:title\" content=\"Sz\u00e1mviteli szaktan\u00e1csad\u00e1s - Fchain\" \/>\n<meta property=\"og:description\" content=\"Tan\u00e1csad\u00f3 szolg\u00e1ltat\u00e1sok Magyarorsz\u00e1gon\u2b50\ufe0f hat\u00e9kony seg\u00edts\u00e9g az \u00d6n v\u00e1llalkoz\u00e1s\u00e1nak. P\u00e9nz\u00fcgyi \u00e9s vezet\u00e9si tan\u00e1csad\u00e1s, outsourcing \u00e9s sz\u00e1mviteli seg\u00edts\u00e9gny\u00fajt\u00e1s\" \/>\n<meta property=\"og:url\" content=\"https:\/\/hu.f-chain.com\/hu\/szamviteli-szaktanacsadas\/\" \/>\n<meta property=\"og:site_name\" content=\"Fchain\" \/>\n<meta name=\"twitter:card\" content=\"summary_large_image\" \/>\n<meta name=\"twitter:label1\" content=\"Becs\u00fclt olvas\u00e1si id\u0151\" \/>\n\t<meta name=\"twitter:data1\" content=\"3 perc\" \/>\n<script type=\"application\/ld+json\" class=\"yoast-schema-graph\">{\"@context\":\"https:\\\/\\\/schema.org\",\"@graph\":[{\"@type\":\"WebPage\",\"@id\":\"https:\\\/\\\/hu.f-chain.com\\\/hu\\\/szamviteli-szaktanacsadas\\\/\",\"url\":\"https:\\\/\\\/hu.f-chain.com\\\/hu\\\/szamviteli-szaktanacsadas\\\/\",\"name\":\"Sz\u00e1mviteli szaktan\u00e1csad\u00e1s - Fchain\",\"isPartOf\":{\"@id\":\"https:\\\/\\\/hu.f-chain.com\\\/#website\"},\"datePublished\":\"2025-05-26T00:35:25+00:00\",\"description\":\"Tan\u00e1csad\u00f3 szolg\u00e1ltat\u00e1sok Magyarorsz\u00e1gon\u2b50\ufe0f hat\u00e9kony seg\u00edts\u00e9g az \u00d6n v\u00e1llalkoz\u00e1s\u00e1nak. P\u00e9nz\u00fcgyi \u00e9s vezet\u00e9si tan\u00e1csad\u00e1s, outsourcing \u00e9s sz\u00e1mviteli seg\u00edts\u00e9gny\u00fajt\u00e1s\",\"breadcrumb\":{\"@id\":\"https:\\\/\\\/hu.f-chain.com\\\/hu\\\/szamviteli-szaktanacsadas\\\/#breadcrumb\"},\"inLanguage\":\"hu\",\"potentialAction\":[{\"@type\":\"ReadAction\",\"target\":[\"https:\\\/\\\/hu.f-chain.com\\\/hu\\\/szamviteli-szaktanacsadas\\\/\"]}]},{\"@type\":\"BreadcrumbList\",\"@id\":\"https:\\\/\\\/hu.f-chain.com\\\/hu\\\/szamviteli-szaktanacsadas\\\/#breadcrumb\",\"itemListElement\":[{\"@type\":\"ListItem\",\"position\":1,\"name\":\"Home\",\"item\":\"https:\\\/\\\/hu.f-chain.com\\\/hu\\\/\"},{\"@type\":\"ListItem\",\"position\":2,\"name\":\"Sz\u00e1mviteli szaktan\u00e1csad\u00e1s\"}]},{\"@type\":\"WebSite\",\"@id\":\"https:\\\/\\\/hu.f-chain.com\\\/#website\",\"url\":\"https:\\\/\\\/hu.f-chain.com\\\/\",\"name\":\"Fchain\",\"description\":\"\",\"potentialAction\":[{\"@type\":\"SearchAction\",\"target\":{\"@type\":\"EntryPoint\",\"urlTemplate\":\"https:\\\/\\\/hu.f-chain.com\\\/?s={search_term_string}\"},\"query-input\":{\"@type\":\"PropertyValueSpecification\",\"valueRequired\":true,\"valueName\":\"search_term_string\"}}],\"inLanguage\":\"hu\"}]}<\/script>\n<!-- \/ Yoast SEO plugin. -->","yoast_head_json":{"title":"Sz\u00e1mviteli szaktan\u00e1csad\u00e1s - Fchain","description":"Tan\u00e1csad\u00f3 szolg\u00e1ltat\u00e1sok Magyarorsz\u00e1gon\u2b50\ufe0f hat\u00e9kony seg\u00edts\u00e9g az \u00d6n v\u00e1llalkoz\u00e1s\u00e1nak. P\u00e9nz\u00fcgyi \u00e9s vezet\u00e9si tan\u00e1csad\u00e1s, outsourcing \u00e9s sz\u00e1mviteli seg\u00edts\u00e9gny\u00fajt\u00e1s","robots":{"index":"index","follow":"follow","max-snippet":"max-snippet:-1","max-image-preview":"max-image-preview:large","max-video-preview":"max-video-preview:-1"},"canonical":"https:\/\/hu.f-chain.com\/hu\/szamviteli-szaktanacsadas\/","og_locale":"hu_HU","og_type":"article","og_title":"Sz\u00e1mviteli szaktan\u00e1csad\u00e1s - Fchain","og_description":"Tan\u00e1csad\u00f3 szolg\u00e1ltat\u00e1sok Magyarorsz\u00e1gon\u2b50\ufe0f hat\u00e9kony seg\u00edts\u00e9g az \u00d6n v\u00e1llalkoz\u00e1s\u00e1nak. P\u00e9nz\u00fcgyi \u00e9s vezet\u00e9si tan\u00e1csad\u00e1s, outsourcing \u00e9s sz\u00e1mviteli seg\u00edts\u00e9gny\u00fajt\u00e1s","og_url":"https:\/\/hu.f-chain.com\/hu\/szamviteli-szaktanacsadas\/","og_site_name":"Fchain","twitter_card":"summary_large_image","twitter_misc":{"Becs\u00fclt olvas\u00e1si id\u0151":"3 perc"},"schema":{"@context":"https:\/\/schema.org","@graph":[{"@type":"WebPage","@id":"https:\/\/hu.f-chain.com\/hu\/szamviteli-szaktanacsadas\/","url":"https:\/\/hu.f-chain.com\/hu\/szamviteli-szaktanacsadas\/","name":"Sz\u00e1mviteli szaktan\u00e1csad\u00e1s - Fchain","isPartOf":{"@id":"https:\/\/hu.f-chain.com\/#website"},"datePublished":"2025-05-26T00:35:25+00:00","description":"Tan\u00e1csad\u00f3 szolg\u00e1ltat\u00e1sok Magyarorsz\u00e1gon\u2b50\ufe0f hat\u00e9kony seg\u00edts\u00e9g az \u00d6n v\u00e1llalkoz\u00e1s\u00e1nak. P\u00e9nz\u00fcgyi \u00e9s vezet\u00e9si tan\u00e1csad\u00e1s, outsourcing \u00e9s sz\u00e1mviteli seg\u00edts\u00e9gny\u00fajt\u00e1s","breadcrumb":{"@id":"https:\/\/hu.f-chain.com\/hu\/szamviteli-szaktanacsadas\/#breadcrumb"},"inLanguage":"hu","potentialAction":[{"@type":"ReadAction","target":["https:\/\/hu.f-chain.com\/hu\/szamviteli-szaktanacsadas\/"]}]},{"@type":"BreadcrumbList","@id":"https:\/\/hu.f-chain.com\/hu\/szamviteli-szaktanacsadas\/#breadcrumb","itemListElement":[{"@type":"ListItem","position":1,"name":"Home","item":"https:\/\/hu.f-chain.com\/hu\/"},{"@type":"ListItem","position":2,"name":"Sz\u00e1mviteli szaktan\u00e1csad\u00e1s"}]},{"@type":"WebSite","@id":"https:\/\/hu.f-chain.com\/#website","url":"https:\/\/hu.f-chain.com\/","name":"Fchain","description":"","potentialAction":[{"@type":"SearchAction","target":{"@type":"EntryPoint","urlTemplate":"https:\/\/hu.f-chain.com\/?s={search_term_string}"},"query-input":{"@type":"PropertyValueSpecification","valueRequired":true,"valueName":"search_term_string"}}],"inLanguage":"hu"}]}},"_links":{"self":[{"href":"https:\/\/hu.f-chain.com\/hu\/wp-json\/wp\/v2\/pages\/9431","targetHints":{"allow":["GET"]}}],"collection":[{"href":"https:\/\/hu.f-chain.com\/hu\/wp-json\/wp\/v2\/pages"}],"about":[{"href":"https:\/\/hu.f-chain.com\/hu\/wp-json\/wp\/v2\/types\/page"}],"author":[{"embeddable":true,"href":"https:\/\/hu.f-chain.com\/hu\/wp-json\/wp\/v2\/users\/2"}],"replies":[{"embeddable":true,"href":"https:\/\/hu.f-chain.com\/hu\/wp-json\/wp\/v2\/comments?post=9431"}],"version-history":[{"count":1,"href":"https:\/\/hu.f-chain.com\/hu\/wp-json\/wp\/v2\/pages\/9431\/revisions"}],"predecessor-version":[{"id":9434,"href":"https:\/\/hu.f-chain.com\/hu\/wp-json\/wp\/v2\/pages\/9431\/revisions\/9434"}],"wp:attachment":[{"href":"https:\/\/hu.f-chain.com\/hu\/wp-json\/wp\/v2\/media?parent=9431"}],"curies":[{"name":"wp","href":"https:\/\/api.w.org\/{rel}","templated":true}]}}